{"id":11818,"date":"2024-09-12T10:13:19","date_gmt":"2024-09-12T08:13:19","guid":{"rendered":"https:\/\/lecasierfrancais.fr\/?page_id=11818"},"modified":"2024-09-18T08:32:10","modified_gmt":"2024-09-18T06:32:10","slug":"nos-specificites-et-outils","status":"publish","type":"page","link":"https:\/\/lecasierfrancais.es\/index.php\/nos-solutions-modulables\/nos-specificites-et-outils\/","title":{"rendered":"Nos outils"},"content":{"rendered":"[vc_row type=\u00a0\u00bbfull_width_content\u00a0\u00bb full_screen_row_position=\u00a0\u00bbmiddle\u00a0\u00bb scene_position=\u00a0\u00bbcenter\u00a0\u00bb text_color=\u00a0\u00bbdark\u00a0\u00bb text_align=\u00a0\u00bbleft\u00a0\u00bb overlay_strength=\u00a0\u00bb0.3&Prime; shape_divider_position=\u00a0\u00bbbottom\u00a0\u00bb shape_type=\u00a0\u00bb\u00a0\u00bb][vc_column column_padding=\u00a0\u00bbno-extra-padding\u00a0\u00bb column_padding_position=\u00a0\u00bball\u00a0\u00bb background_color_opacity=\u00a0\u00bb1&Prime; background_hover_color_opacity=\u00a0\u00bb1&Prime; column_shadow=\u00a0\u00bbnone\u00a0\u00bb column_border_radius=\u00a0\u00bbnone\u00a0\u00bb width=\u00a0\u00bb1\/1&Prime; tablet_text_alignment=\u00a0\u00bbdefault\u00a0\u00bb phone_text_alignment=\u00a0\u00bbdefault\u00a0\u00bb column_border_width=\u00a0\u00bbnone\u00a0\u00bb column_border_style=\u00a0\u00bbsolid\u00a0\u00bb][vc_column_text]<style id=\"depicter-359-inline-pre-css\">\n\n.depicter-359:not(.depicter-ready){\n\theight:200px;\n}\n\n\/***** Tablet *****\/\n@media screen and (max-width: 1024px){\n\n.depicter-359:not(.depicter-ready){\n\theight:200px;\n}\n\n}\n\/***** Mobile *****\/\n@media screen and (max-width: 767px){\n\n.depicter-359:not(.depicter-ready){\n\theight:200px;\n}\n\n}\n<\/style>\n<div id=\"depicter-359\" class=\"depicter depicter-document depicter-revert depicter-359 depicter-layout-fullwidth depicter-hide-on-mobile\">\n\n<div class=\"depicter-loading-container depicter-loading depicter-loading-none\"><\/div>\n<div id=\"depicter-359-section-1\" class=\"depicter-section depicter-359-section-1\" data-name=\"Accueil\" data-type=\"section\" data-local-id=\"section-1\">\n<picture id=\"depicter-359-element-202\" class=\"depicter-element depicter-layer depicter-359-element-202\" data-type=\"image\" data-wrap=\"true\" data-name=\"Image 2\" data-local-id=\"element-202\" data-offset=\"x:0px;y:0px;origin:tl\" data-width=\"1900px,,\" data-height=\"200px,,\" data-responsive-scale=\"true,,\" data-crop=\"false\">\n<source data-depicter-srcset=\"https:\/\/lecasierfrancais.es\/wp-content\/uploads\/2024\/09\/Bureaux_Modulaire-1900x200.jpg, https:\/\/lecasierfrancais.es\/wp-content\/uploads\/2024\/09\/Bureaux_Modulaire-3800x400.jpg 2x\" srcset=\"data:image\/gif;base64,R0lGODlhAQABAIAAAAAAAP\/\/\/yH5BAEAAAAALAAAAAABAAEAAAIBRAA7\" \/>\n<img decoding=\"async\" src=\"data:image\/gif;base64,R0lGODlhAQABAIAAAAAAAP\/\/\/yH5BAEAAAAALAAAAAABAAEAAAIBRAA7\" data-depicter-src=\"https:\/\/lecasierfrancais.es\/wp-content\/uploads\/2024\/09\/Bureaux_Modulaire-1900x200.jpg\" alt=\"Un b\u00e2timent en bois abrite un distributeur automatique Le Casier Fran\u00e7ais en pleine nature\" \/>\n<\/picture>\n<button id=\"depicter-359-element-6\" class=\"depicter-element depicter-layer depicter-359-element-6\" data-type=\"button\" data-wrap=\"true\" data-name=\"Button 1\" data-local-id=\"element-6\" data-offset=\"x:120px;y:81px;origin:tl\" data-actions=\"[['openURL','click',0,{'path':'\\\/index.php\\\/nos-solutions-modulables\\\/nos-produits\\\/','target':'_self'}]]\" data-width=\"500px,,\" data-height=\"45px,,\" data-responsive-scale=\"true,,\"><span class=\"dp-inner-content\">LES CASIERS<\/span><\/button>\n<button id=\"depicter-359-element-199\" class=\"depicter-element depicter-layer depicter-359-element-199\" data-type=\"button\" data-wrap=\"true\" data-name=\"Button 12\" data-local-id=\"element-199\" data-offset=\"x:1280px;y:81px;origin:tl\" data-actions=\"[['openURL','click',0,{'path':'\\\/index.php\\\/nos-solutions-modulables\\\/nos-specificites-et-outils\\\/','target':'_self'}]]\" data-width=\"500px,,\" data-height=\"45px,,\" data-responsive-scale=\"true,,\"><span class=\"dp-inner-content\">LES OPTIONS<\/span><\/button>\n<button id=\"depicter-359-element-200\" class=\"depicter-element depicter-layer depicter-359-element-200\" data-type=\"button\" data-wrap=\"true\" data-name=\"Button 13\" data-local-id=\"element-200\" data-offset=\"x:700px;y:81px;origin:tl\" data-actions=\"[['openURL','click',0,{'path':'\\\/index.php\\\/nos-solutions-modulables\\\/nos-services\\\/','target':'_self'}]]\" data-width=\"500px,,\" data-height=\"45px,,\" data-responsive-scale=\"true,,\"><span class=\"dp-inner-content\">LES SERVICES<\/span><\/button><\/div>\n<\/div>\n<script>\n(window.depicterSetups = window.depicterSetups || []).push(function(){\n\tDepicter.basePath = 'https:\/\/lecasierfrancais.es\/wp-content\/plugins\/depicter\/resources\/scripts\/player\/';\n\tconst dpPlayer = Depicter.setup('.depicter-359',\n\t\t{\"width\":[\"1900\",\"1900\",\"1900\"],\"height\":[\"200\",\"200\",\"200\"],\"view\":\"basic\",\"keepAspectRatio\":true,\"preload\":0,\"layout\":\"fullwidth\",\"rtl\":false,\"initAfterAppear\":false,\"ajaxApiUrl\":\"https:\\\/\\\/lecasierfrancais.es\\\/wp-admin\\\/admin-ajax.php\",\"mouseSwipe\":true,\"touchSwipe\":true,\"swipeDir\":\"auto\",\"useWatermark\":false}\n\t);\n});\n<\/script>[\/vc_column_text][\/vc_column][\/vc_row][vc_row type=\u00a0\u00bbfull_width_content\u00a0\u00bb full_screen_row_position=\u00a0\u00bbmiddle\u00a0\u00bb equal_height=\u00a0\u00bbyes\u00a0\u00bb content_placement=\u00a0\u00bbmiddle\u00a0\u00bb scene_position=\u00a0\u00bbcenter\u00a0\u00bb text_color=\u00a0\u00bbdark\u00a0\u00bb text_align=\u00a0\u00bbleft\u00a0\u00bb top_padding=\u00a0\u00bb3%\u00a0\u00bb overlay_strength=\u00a0\u00bb0.3&Prime; shape_divider_position=\u00a0\u00bbbottom\u00a0\u00bb shape_type=\u00a0\u00bb\u00a0\u00bb][vc_column column_padding=\u00a0\u00bbpadding-6-percent\u00a0\u00bb column_padding_position=\u00a0\u00bball\u00a0\u00bb background_color_opacity=\u00a0\u00bb1&Prime; background_hover_color_opacity=\u00a0\u00bb1&Prime; column_shadow=\u00a0\u00bbnone\u00a0\u00bb column_border_radius=\u00a0\u00bb20px\u00a0\u00bb width=\u00a0\u00bb2\/3&Prime; tablet_text_alignment=\u00a0\u00bbdefault\u00a0\u00bb phone_text_alignment=\u00a0\u00bbdefault\u00a0\u00bb column_border_width=\u00a0\u00bbnone\u00a0\u00bb column_border_color=\u00a0\u00bb#f9f9f9&Prime;][vc_column_text]\n<h1><span style=\"color: #29235c;\">Le casier et ses options<\/span><\/h1>\n[\/vc_column_text]<div class=\"divider-wrap\"><div style=\"margin-top: 10px; height: 2px; margin-bottom: 10px;\" data-width=\"100%\" data-animate=\"\" data-animation-delay=\"\" data-color=\"default\" class=\"divider-border\"><\/div><\/div>[vc_column_text]Chez Le Casier Fran\u00e7ais, nous sommes port\u00e9s par nos valeurs et notre <strong>capacit\u00e9 \u00e0 innover<\/strong>. Producteurs, artisans et commer\u00e7ants choisissent notre distributeur automatique pour d\u00e9buter la vente automatis\u00e9e pour la qualit\u00e9 et <strong>nos engagements<\/strong>. Made in France, achat ou location du casier, sur-mesure\u2026 Choisissez ce qu&rsquo;il y a de meilleur pour vos casiers.<\/p>\n<p>#Engagement #FabricationFran\u00e7aise #Innovations[\/vc_column_text][vc_column_text]<a id=\"outils\"><\/a><span style=\"color: #f9f9f9;\">.<\/span>[\/vc_column_text][\/vc_column][\/vc_row][vc_row type=\u00a0\u00bbfull_width_content\u00a0\u00bb full_screen_row_position=\u00a0\u00bbmiddle\u00a0\u00bb equal_height=\u00a0\u00bbyes\u00a0\u00bb content_placement=\u00a0\u00bbmiddle\u00a0\u00bb scene_position=\u00a0\u00bbcenter\u00a0\u00bb text_color=\u00a0\u00bbdark\u00a0\u00bb text_align=\u00a0\u00bbleft\u00a0\u00bb overlay_strength=\u00a0\u00bb0.3&Prime; shape_divider_position=\u00a0\u00bbbottom\u00a0\u00bb shape_type=\u00a0\u00bb\u00a0\u00bb][vc_column column_padding=\u00a0\u00bbno-extra-padding\u00a0\u00bb column_padding_position=\u00a0\u00bball\u00a0\u00bb background_color_opacity=\u00a0\u00bb1&Prime; background_hover_color_opacity=\u00a0\u00bb1&Prime; column_shadow=\u00a0\u00bbnone\u00a0\u00bb column_border_radius=\u00a0\u00bbnone\u00a0\u00bb width=\u00a0\u00bb1\/3&Prime; tablet_text_alignment=\u00a0\u00bbdefault\u00a0\u00bb phone_text_alignment=\u00a0\u00bbdefault\u00a0\u00bb column_border_width=\u00a0\u00bb8px\u00a0\u00bb column_border_color=\u00a0\u00bb#f9f9f9&Prime; column_border_style=\u00a0\u00bbsolid\u00a0\u00bb]<div class=\"img-with-aniamtion-wrap center\" data-max-width=\"100%\" data-border-radius=\"20px\"><div class=\"inner\"><img decoding=\"async\" data-shadow=\"none\" data-shadow-direction=\"middle\" class=\"img-with-animation \" data-delay=\"0\" height=\"2000\" width=\"2000\" data-animation=\"fade-in\" src=\"https:\/\/lecasierfrancais.es\/wp-content\/uploads\/2024\/09\/Configurateur.jpg\" srcset=\"https:\/\/lecasierfrancais.es\/wp-content\/uploads\/2024\/09\/Configurateur.jpg 2000w, https:\/\/lecasierfrancais.es\/wp-content\/uploads\/2024\/09\/Configurateur-300x300.jpg 300w, https:\/\/lecasierfrancais.es\/wp-content\/uploads\/2024\/09\/Configurateur-1024x1024.jpg 1024w, https:\/\/lecasierfrancais.es\/wp-content\/uploads\/2024\/09\/Configurateur-150x150.jpg 150w, https:\/\/lecasierfrancais.es\/wp-content\/uploads\/2024\/09\/Configurateur-768x768.jpg 768w, https:\/\/lecasierfrancais.es\/wp-content\/uploads\/2024\/09\/Configurateur-1536x1536.jpg 1536w, https:\/\/lecasierfrancais.es\/wp-content\/uploads\/2024\/09\/Configurateur-100x100.jpg 100w, https:\/\/lecasierfrancais.es\/wp-content\/uploads\/2024\/09\/Configurateur-140x140.jpg 140w, https:\/\/lecasierfrancais.es\/wp-content\/uploads\/2024\/09\/Configurateur-500x500.jpg 500w, https:\/\/lecasierfrancais.es\/wp-content\/uploads\/2024\/09\/Configurateur-350x350.jpg 350w, https:\/\/lecasierfrancais.es\/wp-content\/uploads\/2024\/09\/Configurateur-1000x1000.jpg 1000w, https:\/\/lecasierfrancais.es\/wp-content\/uploads\/2024\/09\/Configurateur-800x800.jpg 800w, https:\/\/lecasierfrancais.es\/wp-content\/uploads\/2024\/09\/Configurateur-200x200.jpg 200w\" sizes=\"100vw\" alt=\"Sch\u00e9ma de 2 distributeurs automatiques Le Casier Fran\u00e7ais pouvant \u00eatre associ\u00e9s \u00e0 une m\u00eame borne de commande\" \/><\/div><\/div>[\/vc_column][vc_column column_padding=\u00a0\u00bbpadding-6-percent\u00a0\u00bb column_padding_position=\u00a0\u00bball\u00a0\u00bb background_color_opacity=\u00a0\u00bb1&Prime; background_hover_color_opacity=\u00a0\u00bb1&Prime; column_shadow=\u00a0\u00bbnone\u00a0\u00bb column_border_radius=\u00a0\u00bbnone\u00a0\u00bb width=\u00a0\u00bb2\/3&Prime; tablet_text_alignment=\u00a0\u00bbdefault\u00a0\u00bb phone_text_alignment=\u00a0\u00bbdefault\u00a0\u00bb column_border_width=\u00a0\u00bbnone\u00a0\u00bb column_border_style=\u00a0\u00bbsolid\u00a0\u00bb][vc_column_text]\n<h2><span style=\"color: #29235c;\">Un configurateur pour vous aider \u00e0 vous projeter dans votre commerce en libre-service<\/span><\/h2>\n[\/vc_column_text]<div class=\"divider-wrap\"><div style=\"height: 20px;\" class=\"divider\"><\/div><\/div>[vc_column_text]L\u2019une des forces de notre distributeur automatique est sans doute de <strong>pouvoir le configurer selon vos besoins.<\/strong> Nombre de modules, nombre de casiers, type de casiers, couleurs choisies, personnalisation\u2026 Notre solution est totalement <strong>sur-mesure<\/strong>.<\/p>\n<p>Pour vous projeter dans votre futur commerce automatis\u00e9,<strong> utilisez notre configurateur.<\/strong> Choisissez les modules, les couleurs, les cases et soyez convaincus du r\u00e9sultat\u00a0![\/vc_column_text]<div class=\"divider-wrap\"><div style=\"height: 20px;\" class=\"divider\"><\/div><\/div>[nectar_btn size=\u00a0\u00bbsmall\u00a0\u00bb open_new_tab=\u00a0\u00bbtrue\u00a0\u00bb button_style=\u00a0\u00bbregular\u00a0\u00bb button_color_2=\u00a0\u00bbExtra-Color-1&Prime; color_override=\u00a0\u00bb#29235c\u00a0\u00bb icon_family=\u00a0\u00bbfontawesome\u00a0\u00bb text=\u00a0\u00bbJE D\u00c9COUVRE\u00a0\u00bb icon_fontawesome=\u00a0\u00bbfa fa-arrow-circle-right\u00a0\u00bb url=\u00a0\u00bbhttps:\/\/configurateurlecasierfrancais.fr\/\u00a0\u00bb][\/vc_column][\/vc_row][vc_row type=\u00a0\u00bbfull_width_content\u00a0\u00bb full_screen_row_position=\u00a0\u00bbmiddle\u00a0\u00bb scene_position=\u00a0\u00bbcenter\u00a0\u00bb text_color=\u00a0\u00bbdark\u00a0\u00bb text_align=\u00a0\u00bbleft\u00a0\u00bb top_padding=\u00a0\u00bb3%\u00a0\u00bb overlay_strength=\u00a0\u00bb0.3&Prime; shape_divider_position=\u00a0\u00bbbottom\u00a0\u00bb shape_type=\u00a0\u00bb\u00a0\u00bb][vc_column column_padding=\u00a0\u00bbpadding-6-percent\u00a0\u00bb column_padding_position=\u00a0\u00bball\u00a0\u00bb background_color_opacity=\u00a0\u00bb1&Prime; background_hover_color_opacity=\u00a0\u00bb1&Prime; column_shadow=\u00a0\u00bbnone\u00a0\u00bb column_border_radius=\u00a0\u00bbnone\u00a0\u00bb width=\u00a0\u00bb2\/3&Prime; tablet_text_alignment=\u00a0\u00bbdefault\u00a0\u00bb phone_text_alignment=\u00a0\u00bbdefault\u00a0\u00bb column_border_width=\u00a0\u00bbnone\u00a0\u00bb column_border_style=\u00a0\u00bbsolid\u00a0\u00bb][vc_column_text]\n<h2><span style=\"color: #29235c;\">Distributeur automatique : acheter ou louer ?<\/span><\/h2>\n[\/vc_column_text]<div class=\"divider-wrap\"><div style=\"height: 20px;\" class=\"divider\"><\/div><\/div>[vc_column_text]Vous proposer votre distributeur automatique \u00e0 l\u2019achat ou \u00e0 la location, c\u2019est offrir l\u2019opportunit\u00e9 \u00e0 tous\u2026<\/p>\n<p>\u2705 de faire d\u00e9coller son business,<\/p>\n<p>\u2705 booster ses ventes,<\/p>\n<p>\u2705 devenir ind\u00e9pendant,<\/p>\n<p>\u2705 obtenir une meilleure r\u00e9mun\u00e9ration de ses produits.<\/p>\n<p>Conscients que tout le monde n\u2019est pas en capacit\u00e9 d\u2019investir, nous avons cr\u00e9\u00e9 chez Le Casier Fran\u00e7ais <strong>Le Casier Locatif<\/strong> en 2021.[\/vc_column_text]<div class=\"divider-wrap\"><div style=\"height: 20px;\" class=\"divider\"><\/div><\/div>[vc_column_text]\n<h3><span style=\"color: #29235c;\">D\u00e9sormais, c\u2019est vous qui choisissez !<\/span><\/h3>\n[\/vc_column_text]<div class=\"divider-wrap\"><div style=\"height: 20px;\" class=\"divider\"><\/div><\/div>[vc_row_inner equal_height=\u00a0\u00bbyes\u00a0\u00bb content_placement=\u00a0\u00bbmiddle\u00a0\u00bb column_margin=\u00a0\u00bbdefault\u00a0\u00bb text_align=\u00a0\u00bbleft\u00a0\u00bb][vc_column_inner column_padding=\u00a0\u00bbpadding-3-percent\u00a0\u00bb column_padding_position=\u00a0\u00bball\u00a0\u00bb background_color=\u00a0\u00bb#29235c\u00a0\u00bb background_color_opacity=\u00a0\u00bb1&Prime; background_hover_color_opacity=\u00a0\u00bb1&Prime; font_color=\u00a0\u00bb#ffffff\u00a0\u00bb column_shadow=\u00a0\u00bbnone\u00a0\u00bb column_border_radius=\u00a0\u00bb20px\u00a0\u00bb width=\u00a0\u00bb1\/2&Prime; column_border_width=\u00a0\u00bb10px\u00a0\u00bb column_border_color=\u00a0\u00bb#f9f9f9&Prime; column_border_style=\u00a0\u00bbsolid\u00a0\u00bb][vc_column_text]<strong>ACHETER SON DISTRIBUTEUR AUTOMATIQUE<\/strong><\/p>\n<p>\u2705 Id\u00e9al si vous \u00eates convaincus par notre solution.<\/p>\n<p>\u2705Vite rentabilis\u00e9 gr\u00e2ce aux b\u00e9n\u00e9fices de la vente de vos produits.<\/p>\n<p>\u2705 Une fois financ\u00e9, vous percevez 100% des b\u00e9n\u00e9fices.<\/p>\n<p>\u2705 Subventions, aides \u00e0 l\u2019investissement et \u00e0 la cr\u00e9ation d\u2019entreprise\u2026 De nombreux soutiens peuvent \u00eatre sollicit\u00e9s.<\/p>\n<p>\u2705 \u00c9volutif\u00a0: faites grandir votre installation par la suite et\/ou multipliez les points de vente.[\/vc_column_text][\/vc_column_inner][vc_column_inner column_padding=\u00a0\u00bbpadding-3-percent\u00a0\u00bb column_padding_position=\u00a0\u00bball\u00a0\u00bb background_color=\u00a0\u00bb#29235c\u00a0\u00bb background_color_opacity=\u00a0\u00bb1&Prime; background_hover_color_opacity=\u00a0\u00bb1&Prime; font_color=\u00a0\u00bb#ffffff\u00a0\u00bb column_shadow=\u00a0\u00bbnone\u00a0\u00bb column_border_radius=\u00a0\u00bb20px\u00a0\u00bb width=\u00a0\u00bb1\/2&Prime; column_border_width=\u00a0\u00bb10px\u00a0\u00bb column_border_color=\u00a0\u00bb#f9f9f9&Prime; column_border_style=\u00a0\u00bbsolid\u00a0\u00bb][vc_column_text]<strong>LOUER SON DISTRIBUTEUR AUTOMATIQUE<\/strong><\/p>\n<p>\u2705 Testez notre solution et votre march\u00e9.<\/p>\n<p>\u2705Les mensualit\u00e9s se diluent avec vos charges de fonctionnement.<\/p>\n<p>\u2705 Id\u00e9al si vous craignez l\u2019investissement sur le long terme.<\/p>\n<p>\u2705 S\u2019adapte aux moyens et aux business de tous\u00a0!<\/p>\n<p>&nbsp;<\/p>\n<p>\u2705 \u00c9volutif\u00a0: faites grandir votre installation par la suite et\/ou multipliez les points de vente.[\/vc_column_text][\/vc_column_inner][\/vc_row_inner]<div class=\"divider-wrap\"><div style=\"height: 20px;\" class=\"divider\"><\/div><\/div>[vc_column_text]Vous pouvez opter pour <strong>l\u2019achat de votre casier<\/strong>, un investissement vite rentabilis\u00e9 quand votre commerce d\u00e9colle ou <strong>la location de vos \u00e9quipements<\/strong>. Cette derni\u00e8re option facilite l\u2019acc\u00e8s \u00e0 tous \u00e0 la vente directe en libre-service et aide nos clients \u00e0 d\u00e9marrer leur activit\u00e9 avec simplicit\u00e9. Une solution adapt\u00e9e aux moyens de tous.<\/p>\n<ul>\n<li>Montant des \u00e9ch\u00e9ances,<\/li>\n<li>Dur\u00e9e du contrat,<\/li>\n<li>Taille de l\u2019\u00e9quipement\u2026<\/li>\n<\/ul>\n<p>\u00c0 l\u2019aide de votre r\u00e9f\u00e9rent, vous choisissez les modalit\u00e9s de votre contrat. 100% de nos clients locataires approuvent ce service\u00a0![\/vc_column_text]<div class=\"divider-wrap\"><div style=\"height: 20px;\" class=\"divider\"><\/div><\/div>[vc_column_text]\n<h3><span style=\"color: #29235c;\">Et \u00e0 la fin du bail, que se passe-t-il ?<\/span><\/h3>\n[\/vc_column_text]<div class=\"divider-wrap\"><div style=\"height: 20px;\" class=\"divider\"><\/div><\/div>[vc_column_text]En fin d\u2019engagement, <strong>3 solutions\u00a0:<\/strong> vous poursuivez votre engagement si vous \u00eates satisfait, vous r\u00e9ajustez si besoin votre plan de location ou vous rachetez votre distributeur pour le transformer en investissement.<\/p>\n<p><strong>EN BONUS\u00a0:<\/strong> Et aussi, vous avez la possibilit\u00e9 de <strong>renouveler votre \u00e9quipement avec des casiers neufs<\/strong> et b\u00e9n\u00e9ficiant des nouvelles fonctionnalit\u00e9s disponibles. Vous reprenez alors votre commerce avec un outil technologique de pointe.[\/vc_column_text]<div class=\"divider-wrap\"><div style=\"height: 20px;\" class=\"divider\"><\/div><\/div>[nectar_btn size=\u00a0\u00bblarge\u00a0\u00bb button_style=\u00a0\u00bbregular\u00a0\u00bb button_color_2=\u00a0\u00bbExtra-Color-1&Prime; color_override=\u00a0\u00bb#29235c\u00a0\u00bb icon_family=\u00a0\u00bbfontawesome\u00a0\u00bb text=\u00a0\u00bbJE DEMANDE UN DEVIS\u00a0\u00bb icon_fontawesome=\u00a0\u00bbfa fa-arrow-circle-right\u00a0\u00bb url=\u00a0\u00bb\/index.php\/contact-le-casier-francais\/\u00a0\u00bb][\/vc_column][vc_column column_padding=\u00a0\u00bbno-extra-padding\u00a0\u00bb column_padding_position=\u00a0\u00bball\u00a0\u00bb background_color_opacity=\u00a0\u00bb1&Prime; background_hover_color_opacity=\u00a0\u00bb1&Prime; column_shadow=\u00a0\u00bbnone\u00a0\u00bb column_border_radius=\u00a0\u00bbnone\u00a0\u00bb width=\u00a0\u00bb1\/3&Prime; tablet_text_alignment=\u00a0\u00bbdefault\u00a0\u00bb phone_text_alignment=\u00a0\u00bbdefault\u00a0\u00bb column_border_width=\u00a0\u00bb8px\u00a0\u00bb column_border_color=\u00a0\u00bb#f9f9f9&Prime; column_border_style=\u00a0\u00bbsolid\u00a0\u00bb]<div class=\"img-with-aniamtion-wrap center\" data-max-width=\"100%\" data-border-radius=\"20px\"><div class=\"inner\"><img decoding=\"async\" data-shadow=\"none\" data-shadow-direction=\"middle\" class=\"img-with-animation \" data-delay=\"0\" height=\"2000\" width=\"1333\" data-animation=\"fade-in\" src=\"https:\/\/lecasierfrancais.es\/wp-content\/uploads\/2024\/09\/IMG_6422apopote.jpg\" srcset=\"https:\/\/lecasierfrancais.es\/wp-content\/uploads\/2024\/09\/IMG_6422apopote.jpg 1333w, https:\/\/lecasierfrancais.es\/wp-content\/uploads\/2024\/09\/IMG_6422apopote-200x300.jpg 200w, https:\/\/lecasierfrancais.es\/wp-content\/uploads\/2024\/09\/IMG_6422apopote-682x1024.jpg 682w, https:\/\/lecasierfrancais.es\/wp-content\/uploads\/2024\/09\/IMG_6422apopote-768x1152.jpg 768w, https:\/\/lecasierfrancais.es\/wp-content\/uploads\/2024\/09\/IMG_6422apopote-1024x1536.jpg 1024w\" sizes=\"100vw\" alt=\"B\u00e2timent modulaire en acier Le Casier Fran\u00e7ais enti\u00e8rement stick\u00e9 \u00e0 l'image du commerce de notre client Apopote\" \/><\/div><\/div>[\/vc_column][\/vc_row][vc_row type=\u00a0\u00bbin_container\u00a0\u00bb full_screen_row_position=\u00a0\u00bbmiddle\u00a0\u00bb scene_position=\u00a0\u00bbcenter\u00a0\u00bb text_color=\u00a0\u00bbdark\u00a0\u00bb text_align=\u00a0\u00bbleft\u00a0\u00bb top_padding=\u00a0\u00bb3%\u00a0\u00bb overlay_strength=\u00a0\u00bb0.3&Prime; shape_divider_position=\u00a0\u00bbbottom\u00a0\u00bb shape_type=\u00a0\u00bb\u00a0\u00bb][vc_column column_padding=\u00a0\u00bbno-extra-padding\u00a0\u00bb column_padding_position=\u00a0\u00bball\u00a0\u00bb background_color_opacity=\u00a0\u00bb1&Prime; background_hover_color_opacity=\u00a0\u00bb1&Prime; column_shadow=\u00a0\u00bbnone\u00a0\u00bb column_border_radius=\u00a0\u00bbnone\u00a0\u00bb width=\u00a0\u00bb1\/1&Prime; tablet_text_alignment=\u00a0\u00bbdefault\u00a0\u00bb phone_text_alignment=\u00a0\u00bbdefault\u00a0\u00bb column_border_width=\u00a0\u00bbnone\u00a0\u00bb column_border_style=\u00a0\u00bbsolid\u00a0\u00bb][vc_column_text]<style id=\"depicter-163-inline-pre-css\">\n\n.depicter-163:not(.depicter-ready){\n\theight:700px;\n}\n\n\/***** Tablet *****\/\n@media screen and (max-width: 1024px){\n\n.depicter-163:not(.depicter-ready){\n\theight:700px;\n}\n\n}\n\/***** Mobile *****\/\n@media screen and (max-width: 767px){\n\n.depicter-163:not(.depicter-ready){\n\theight:700px;\n}\n\n}\n<\/style>\n<div id=\"depicter-163\" class=\"depicter depicter-document depicter-revert depicter-163 depicter-layout-fullwidth\">\n\n<div class=\"depicter-loading-container depicter-loading dotFlashing-dark\"><div class=\"depicter-loading-dark depicter-dot-flashing\">\n   <span><\/span>\n   <span><\/span>\n   <span><\/span>\n<\/div>\n<\/div>\n\n<div class=\"depicter-overlay-layers\">\n<div id=\"depicter-163-element-2\" class=\"depicter-element depicter-layer depicter-163-element-2\" data-type=\"symbol\" data-wrap=\"false\" data-name=\"Symbol 1\" data-local-id=\"element-2\" data-offset=\"x:20px;y:0px;origin:ml\" data-actions=\"[['gotoSection','click',0,{'type':'previous','to':''}]]\" data-width=\"40px,,\" data-height=\"40px,,\" data-responsive-scale=\"true,,\">\n\t<svg width=\"16px\" height=\"13px\" viewBox=\"0 0 29.729 25.458\"><path d=\"M0,12.023H0L12.02,0l2.829,2.829L7.655,10.022H28.522v4H7.656l7.193,7.194L12.02,24.044Z\" transform=\"translate(0.707 0.707)\" \/><\/svg>\n<\/div>\n\n<div id=\"depicter-163-element-4\" class=\"depicter-element depicter-layer depicter-163-element-4\" data-type=\"symbol\" data-wrap=\"false\" data-name=\"Symbol 2\" data-local-id=\"element-4\" data-offset=\"x:20px;y:0px;origin:mr\" data-actions=\"[['gotoSection','click',0,{'type':'next','to':''}]]\" data-width=\"40px,,\" data-height=\"40px,,\" data-responsive-scale=\"true,,\">\n\t<svg width=\"16px\" height=\"13px\" viewBox=\"0 0 29.729 25.457\"><path d=\"M13.672,21.215l7.193-7.194H0v-4H20.866L13.673,2.829,16.5,0l12.02,12.02h0L16.5,24.043Z\" transform=\"translate(0.5 0.707)\" \/><\/svg>\n<\/div>\n\n<\/div>\n\n<div id=\"depicter-163-section-1\" class=\"depicter-section depicter-163-section-1\" data-name=\"Section 1\" data-type=\"section\" data-local-id=\"section-1\">\n<picture id=\"depicter-163-element-5\" class=\"depicter-element depicter-layer depicter-163-element-5\" data-type=\"image\" data-wrap=\"true\" data-name=\"Image 1\" data-local-id=\"element-5\" data-offset=\"x:0px;y:0px;origin:tl\" data-width=\"1000px,,\" data-height=\"700px,,\" data-responsive-scale=\"true,,\" data-crop=\"false\">\n<source data-depicter-srcset=\"https:\/\/lecasierfrancais.es\/wp-content\/uploads\/2024\/09\/Reportage-Metier-fabrication-casier-\u252c\u00ae-Greg-Gonzalez-1-scaled-1000x700.jpg, https:\/\/lecasierfrancais.es\/wp-content\/uploads\/2024\/09\/Reportage-Metier-fabrication-casier-\u252c\u00ae-Greg-Gonzalez-1-scaled-2000x1400.jpg 2x\" srcset=\"data:image\/gif;base64,R0lGODlhAQABAIAAAAAAAP\/\/\/yH5BAEAAAAALAAAAAABAAEAAAIBRAA7\" \/>\n<img decoding=\"async\" src=\"data:image\/gif;base64,R0lGODlhAQABAIAAAAAAAP\/\/\/yH5BAEAAAAALAAAAAABAAEAAAIBRAA7\" data-depicter-src=\"https:\/\/lecasierfrancais.es\/wp-content\/uploads\/2024\/09\/Reportage-Metier-fabrication-casier-\u252c\u00ae-Greg-Gonzalez-1-scaled-1000x700.jpg\" alt=\"Atelier de production de Le Casier Fran\u00e7ais situ\u00e9 dans les Hauts-de-France, fabriqu\u00e9 en France\" \/>\n<\/picture><\/div>\n\n<div id=\"depicter-163-section-6\" class=\"depicter-section depicter-163-section-6\" data-name=\"Slide 1\" data-type=\"section\" data-local-id=\"section-6\">\n<picture id=\"depicter-163-element-7\" class=\"depicter-element depicter-layer depicter-163-element-7\" data-type=\"image\" data-wrap=\"true\" data-name=\"Image 2\" data-local-id=\"element-7\" data-offset=\"x:0px;y:0px;origin:tl\" data-width=\"1000px,,\" data-height=\"700px,,\" data-responsive-scale=\"true,,\" data-crop=\"false\">\n<source data-depicter-srcset=\"https:\/\/lecasierfrancais.es\/wp-content\/uploads\/2024\/09\/Reportage-Metier-fabrication-casier-\u252c\u00ae-Greg-Gonzalez-104-scaled-1000x700.jpg, https:\/\/lecasierfrancais.es\/wp-content\/uploads\/2024\/09\/Reportage-Metier-fabrication-casier-\u252c\u00ae-Greg-Gonzalez-104-scaled-2000x1400.jpg 2x\" srcset=\"data:image\/gif;base64,R0lGODlhAQABAIAAAAAAAP\/\/\/yH5BAEAAAAALAAAAAABAAEAAAIBRAA7\" \/>\n<img decoding=\"async\" src=\"data:image\/gif;base64,R0lGODlhAQABAIAAAAAAAP\/\/\/yH5BAEAAAAALAAAAAABAAEAAAIBRAA7\" data-depicter-src=\"https:\/\/lecasierfrancais.es\/wp-content\/uploads\/2024\/09\/Reportage-Metier-fabrication-casier-\u252c\u00ae-Greg-Gonzalez-104-scaled-1000x700.jpg\" alt=\"Directeur Industriel Le Casier Fran\u00e7ais en train d&#039;utiliser la borne de commande du distributeur automatique\" \/>\n<\/picture><\/div>\n\n<div id=\"depicter-163-section-8\" class=\"depicter-section depicter-163-section-8\" data-name=\"Slide 2\" data-type=\"section\" data-local-id=\"section-8\">\n<picture id=\"depicter-163-element-9\" class=\"depicter-element depicter-layer depicter-163-element-9\" data-type=\"image\" data-wrap=\"true\" data-name=\"Image 3\" data-local-id=\"element-9\" data-offset=\"x:0px;y:0px;origin:tl\" data-width=\"1000px,,\" data-height=\"700px,,\" data-responsive-scale=\"true,,\" data-crop=\"false\">\n<source data-depicter-srcset=\"https:\/\/lecasierfrancais.es\/wp-content\/uploads\/2024\/09\/Reportage-Metier-fabrication-casier-\u252c\u00ae-Greg-Gonzalez-11-scaled-1000x700.jpg, https:\/\/lecasierfrancais.es\/wp-content\/uploads\/2024\/09\/Reportage-Metier-fabrication-casier-\u252c\u00ae-Greg-Gonzalez-11-scaled-2000x1400.jpg 2x\" srcset=\"data:image\/gif;base64,R0lGODlhAQABAIAAAAAAAP\/\/\/yH5BAEAAAAALAAAAAABAAEAAAIBRAA7\" \/>\n<img decoding=\"async\" src=\"data:image\/gif;base64,R0lGODlhAQABAIAAAAAAAP\/\/\/yH5BAEAAAAALAAAAAABAAEAAAIBRAA7\" data-depicter-src=\"https:\/\/lecasierfrancais.es\/wp-content\/uploads\/2024\/09\/Reportage-Metier-fabrication-casier-\u252c\u00ae-Greg-Gonzalez-11-scaled-1000x700.jpg\" alt=\"Technicienne Le Casier Fran\u00e7ais en train de fabriquer le distributeur automatique\" \/>\n<\/picture><\/div>\n\n<div id=\"depicter-163-section-10\" class=\"depicter-section depicter-163-section-10\" data-name=\"Slide 3\" data-type=\"section\" data-local-id=\"section-10\">\n<picture id=\"depicter-163-element-11\" class=\"depicter-element depicter-layer depicter-163-element-11\" data-type=\"image\" data-wrap=\"true\" data-name=\"Image 4\" data-local-id=\"element-11\" data-offset=\"x:0px;y:0px;origin:tl\" data-width=\"1000px,,\" data-height=\"700px,,\" data-responsive-scale=\"true,,\" data-crop=\"false\">\n<source data-depicter-srcset=\"https:\/\/lecasierfrancais.es\/wp-content\/uploads\/2024\/09\/Reportage-Metier-fabrication-casier-\u252c\u00ae-Greg-Gonzalez-22-scaled-1000x700.jpg, https:\/\/lecasierfrancais.es\/wp-content\/uploads\/2024\/09\/Reportage-Metier-fabrication-casier-\u252c\u00ae-Greg-Gonzalez-22-scaled-2000x1400.jpg 2x\" srcset=\"data:image\/gif;base64,R0lGODlhAQABAIAAAAAAAP\/\/\/yH5BAEAAAAALAAAAAABAAEAAAIBRAA7\" \/>\n<img decoding=\"async\" src=\"data:image\/gif;base64,R0lGODlhAQABAIAAAAAAAP\/\/\/yH5BAEAAAAALAAAAAABAAEAAAIBRAA7\" data-depicter-src=\"https:\/\/lecasierfrancais.es\/wp-content\/uploads\/2024\/09\/Reportage-Metier-fabrication-casier-\u252c\u00ae-Greg-Gonzalez-22-scaled-1000x700.jpg\" alt=\"Technicien Le Casier Fran\u00e7ais en train de visser la structure du distributeur automatique\" \/>\n<\/picture><\/div>\n\n<div id=\"depicter-163-section-12\" class=\"depicter-section depicter-163-section-12\" data-name=\"Slide 4\" data-type=\"section\" data-local-id=\"section-12\">\n<picture id=\"depicter-163-element-13\" class=\"depicter-element depicter-layer depicter-163-element-13\" data-type=\"image\" data-wrap=\"true\" data-name=\"Image 5\" data-local-id=\"element-13\" data-offset=\"x:0px;y:0px;origin:tl\" data-width=\"1000px,,\" data-height=\"700px,,\" data-responsive-scale=\"true,,\" data-crop=\"false\">\n<source data-depicter-srcset=\"https:\/\/lecasierfrancais.es\/wp-content\/uploads\/2024\/09\/Reportage-Metier-fabrication-casier-\u252c\u00ae-Greg-Gonzalez-18-scaled-1000x700.jpg, https:\/\/lecasierfrancais.es\/wp-content\/uploads\/2024\/09\/Reportage-Metier-fabrication-casier-\u252c\u00ae-Greg-Gonzalez-18-scaled-2000x1400.jpg 2x\" srcset=\"data:image\/gif;base64,R0lGODlhAQABAIAAAAAAAP\/\/\/yH5BAEAAAAALAAAAAABAAEAAAIBRAA7\" \/>\n<img decoding=\"async\" src=\"data:image\/gif;base64,R0lGODlhAQABAIAAAAAAAP\/\/\/yH5BAEAAAAALAAAAAABAAEAAAIBRAA7\" data-depicter-src=\"https:\/\/lecasierfrancais.es\/wp-content\/uploads\/2024\/09\/Reportage-Metier-fabrication-casier-\u252c\u00ae-Greg-Gonzalez-18-scaled-1000x700.jpg\" alt=\"Technicien Le Casier Fran\u00e7ais en train d&#039;assembler le distributeur automatique\" \/>\n<\/picture><\/div>\n\n<div id=\"depicter-163-section-16\" class=\"depicter-section depicter-163-section-16\" data-name=\"Slide 6\" data-type=\"section\" data-local-id=\"section-16\">\n<picture id=\"depicter-163-element-17\" class=\"depicter-element depicter-layer depicter-163-element-17\" data-type=\"image\" data-wrap=\"true\" data-name=\"Image 7\" data-local-id=\"element-17\" data-offset=\"x:0px;y:0px;origin:tl\" data-width=\"1000px,,\" data-height=\"700px,,\" data-responsive-scale=\"true,,\" data-crop=\"false\">\n<source data-depicter-srcset=\"https:\/\/lecasierfrancais.es\/wp-content\/uploads\/2024\/09\/Reportage-Metier-fabrication-casier-\u252c\u00ae-Greg-Gonzalez-44-scaled-1000x700.jpg, https:\/\/lecasierfrancais.es\/wp-content\/uploads\/2024\/09\/Reportage-Metier-fabrication-casier-\u252c\u00ae-Greg-Gonzalez-44-scaled-2000x1400.jpg 2x\" srcset=\"data:image\/gif;base64,R0lGODlhAQABAIAAAAAAAP\/\/\/yH5BAEAAAAALAAAAAABAAEAAAIBRAA7\" \/>\n<img decoding=\"async\" src=\"data:image\/gif;base64,R0lGODlhAQABAIAAAAAAAP\/\/\/yH5BAEAAAAALAAAAAABAAEAAAIBRAA7\" data-depicter-src=\"https:\/\/lecasierfrancais.es\/wp-content\/uploads\/2024\/09\/Reportage-Metier-fabrication-casier-\u252c\u00ae-Greg-Gonzalez-44-scaled-1000x700.jpg\" alt=\"Technicienne Le Casier Fran\u00e7ais en charge de d\u00e9placer un distributeur automatique en cours de fabrication\" \/>\n<\/picture><\/div>\n\n<div id=\"depicter-163-section-22\" class=\"depicter-section depicter-163-section-22\" data-name=\"Slide 9\" data-type=\"section\" data-local-id=\"section-22\">\n<picture id=\"depicter-163-element-23\" class=\"depicter-element depicter-layer depicter-163-element-23\" data-type=\"image\" data-wrap=\"true\" data-name=\"Image 10\" data-local-id=\"element-23\" data-offset=\"x:0px;y:0px;origin:tl\" data-width=\"1000px,,\" data-height=\"700px,,\" data-responsive-scale=\"true,,\" data-crop=\"false\">\n<source data-depicter-srcset=\"https:\/\/lecasierfrancais.es\/wp-content\/uploads\/2024\/09\/Reportage-Metier-fabrication-casier-\u252c\u00ae-Greg-Gonzalez-117-scaled-1000x700.jpg, https:\/\/lecasierfrancais.es\/wp-content\/uploads\/2024\/09\/Reportage-Metier-fabrication-casier-\u252c\u00ae-Greg-Gonzalez-117-scaled-2000x1400.jpg 2x\" srcset=\"data:image\/gif;base64,R0lGODlhAQABAIAAAAAAAP\/\/\/yH5BAEAAAAALAAAAAABAAEAAAIBRAA7\" \/>\n<img decoding=\"async\" src=\"data:image\/gif;base64,R0lGODlhAQABAIAAAAAAAP\/\/\/yH5BAEAAAAALAAAAAABAAEAAAIBRAA7\" data-depicter-src=\"https:\/\/lecasierfrancais.es\/wp-content\/uploads\/2024\/09\/Reportage-Metier-fabrication-casier-\u252c\u00ae-Greg-Gonzalez-117-scaled-1000x700.jpg\" alt=\"Distributeur automatique Le Casier Fran\u00e7ais blanc vide, portes ouvertes lors de la fabrication dans les ateliers des Hauts-de-France\" \/>\n<\/picture><\/div>\n\n<div id=\"depicter-163-section-14\" class=\"depicter-section depicter-163-section-14\" data-name=\"Slide 5\" data-type=\"section\" data-local-id=\"section-14\">\n<picture id=\"depicter-163-element-15\" class=\"depicter-element depicter-layer depicter-163-element-15\" data-type=\"image\" data-wrap=\"true\" data-name=\"Image 6\" data-local-id=\"element-15\" data-offset=\"x:0px;y:0px;origin:tl\" data-width=\"1000px,,\" data-height=\"700px,,\" data-responsive-scale=\"true,,\" data-crop=\"false\">\n<source data-depicter-srcset=\"https:\/\/lecasierfrancais.es\/wp-content\/uploads\/2024\/09\/Reportage-Metier-fabrication-casier-\u252c\u00ae-Greg-Gonzalez-35-scaled-1000x700.jpg, https:\/\/lecasierfrancais.es\/wp-content\/uploads\/2024\/09\/Reportage-Metier-fabrication-casier-\u252c\u00ae-Greg-Gonzalez-35-scaled-2000x1400.jpg 2x\" srcset=\"data:image\/gif;base64,R0lGODlhAQABAIAAAAAAAP\/\/\/yH5BAEAAAAALAAAAAABAAEAAAIBRAA7\" \/>\n<img decoding=\"async\" src=\"data:image\/gif;base64,R0lGODlhAQABAIAAAAAAAP\/\/\/yH5BAEAAAAALAAAAAABAAEAAAIBRAA7\" data-depicter-src=\"https:\/\/lecasierfrancais.es\/wp-content\/uploads\/2024\/09\/Reportage-Metier-fabrication-casier-\u252c\u00ae-Greg-Gonzalez-35-scaled-1000x700.jpg\" alt=\"Technicien Le Casier Fran\u00e7ais en train de g\u00e9rer l&#039;\u00e9lectricit\u00e9 du distributeur automatique lors de la fabrication\" \/>\n<\/picture><\/div>\n\n<div id=\"depicter-163-section-18\" class=\"depicter-section depicter-163-section-18\" data-name=\"Slide 7\" data-type=\"section\" data-local-id=\"section-18\">\n<picture id=\"depicter-163-element-19\" class=\"depicter-element depicter-layer depicter-163-element-19\" data-type=\"image\" data-wrap=\"true\" data-name=\"Image 8\" data-local-id=\"element-19\" data-offset=\"x:0px;y:0px;origin:tl\" data-width=\"1000px,,\" data-height=\"700px,,\" data-responsive-scale=\"true,,\" data-crop=\"false\">\n<source data-depicter-srcset=\"https:\/\/lecasierfrancais.es\/wp-content\/uploads\/2024\/09\/Reportage-Metier-fabrication-casier-\u252c\u00ae-Greg-Gonzalez-34-scaled-1000x700.jpg, https:\/\/lecasierfrancais.es\/wp-content\/uploads\/2024\/09\/Reportage-Metier-fabrication-casier-\u252c\u00ae-Greg-Gonzalez-34-scaled-2000x1400.jpg 2x\" srcset=\"data:image\/gif;base64,R0lGODlhAQABAIAAAAAAAP\/\/\/yH5BAEAAAAALAAAAAABAAEAAAIBRAA7\" \/>\n<img decoding=\"async\" src=\"data:image\/gif;base64,R0lGODlhAQABAIAAAAAAAP\/\/\/yH5BAEAAAAALAAAAAABAAEAAAIBRAA7\" data-depicter-src=\"https:\/\/lecasierfrancais.es\/wp-content\/uploads\/2024\/09\/Reportage-Metier-fabrication-casier-\u252c\u00ae-Greg-Gonzalez-34-scaled-1000x700.jpg\" alt=\"2 techniciens Le Casier Fran\u00e7ais de dos en train de monter les blocs \u00e9lectriques pour le prochain distributeur automatique\" \/>\n<\/picture><\/div>\n\n<div id=\"depicter-163-section-20\" class=\"depicter-section depicter-163-section-20\" data-name=\"Slide 8\" data-type=\"section\" data-local-id=\"section-20\">\n<picture id=\"depicter-163-element-21\" class=\"depicter-element depicter-layer depicter-163-element-21\" data-type=\"image\" data-wrap=\"true\" data-name=\"Image 9\" data-local-id=\"element-21\" data-offset=\"x:0px;y:0px;origin:tl\" data-width=\"1000px,,\" data-height=\"700px,,\" data-responsive-scale=\"true,,\" data-crop=\"false\">\n<source data-depicter-srcset=\"https:\/\/lecasierfrancais.es\/wp-content\/uploads\/2024\/09\/Reportage-Metier-fabrication-casier-\u252c\u00ae-Greg-Gonzalez-46-scaled-1000x700.jpg, https:\/\/lecasierfrancais.es\/wp-content\/uploads\/2024\/09\/Reportage-Metier-fabrication-casier-\u252c\u00ae-Greg-Gonzalez-46-scaled-2000x1400.jpg 2x\" srcset=\"data:image\/gif;base64,R0lGODlhAQABAIAAAAAAAP\/\/\/yH5BAEAAAAALAAAAAABAAEAAAIBRAA7\" \/>\n<img decoding=\"async\" src=\"data:image\/gif;base64,R0lGODlhAQABAIAAAAAAAP\/\/\/yH5BAEAAAAALAAAAAABAAEAAAIBRAA7\" data-depicter-src=\"https:\/\/lecasierfrancais.es\/wp-content\/uploads\/2024\/09\/Reportage-Metier-fabrication-casier-\u252c\u00ae-Greg-Gonzalez-46-scaled-1000x700.jpg\" alt=\"Technicienne Le Casier Fran\u00e7ais en train de nettoyer le distributeur automatique avant l&#039;exp\u00e9dition\" \/>\n<\/picture><\/div>\n\n<div id=\"depicter-163-section-24\" class=\"depicter-section depicter-163-section-24\" data-name=\"Slide 10\" data-type=\"section\" data-local-id=\"section-24\">\n<picture id=\"depicter-163-element-25\" class=\"depicter-element depicter-layer depicter-163-element-25\" data-type=\"image\" data-wrap=\"true\" data-name=\"Image 11\" data-local-id=\"element-25\" data-offset=\"x:0px;y:0px;origin:tl\" data-width=\"1000px,,\" data-height=\"700px,,\" data-responsive-scale=\"true,,\" data-crop=\"false\">\n<source data-depicter-srcset=\"https:\/\/lecasierfrancais.es\/wp-content\/uploads\/2024\/09\/Reportage-Metier-fabrication-casier-\u252c\u00ae-Greg-Gonzalez-43-scaled-1000x700.jpg, https:\/\/lecasierfrancais.es\/wp-content\/uploads\/2024\/09\/Reportage-Metier-fabrication-casier-\u252c\u00ae-Greg-Gonzalez-43-scaled-2000x1400.jpg 2x\" srcset=\"data:image\/gif;base64,R0lGODlhAQABAIAAAAAAAP\/\/\/yH5BAEAAAAALAAAAAABAAEAAAIBRAA7\" \/>\n<img decoding=\"async\" src=\"data:image\/gif;base64,R0lGODlhAQABAIAAAAAAAP\/\/\/yH5BAEAAAAALAAAAAABAAEAAAIBRAA7\" data-depicter-src=\"https:\/\/lecasierfrancais.es\/wp-content\/uploads\/2024\/09\/Reportage-Metier-fabrication-casier-\u252c\u00ae-Greg-Gonzalez-43-scaled-1000x700.jpg\" alt=\"Technicien Le Casier Fran\u00e7ais en train de fabriquer dans l&#039;atelier de l&#039;entreprise un distributeur automatique\" \/>\n<\/picture><\/div>\n\n<div id=\"depicter-163-section-26\" class=\"depicter-section depicter-163-section-26\" data-name=\"Slide 11\" data-type=\"section\" data-local-id=\"section-26\">\n<picture id=\"depicter-163-element-27\" class=\"depicter-element depicter-layer depicter-163-element-27\" data-type=\"image\" data-wrap=\"true\" data-name=\"Image 12\" data-local-id=\"element-27\" data-offset=\"x:0px;y:0px;origin:tl\" data-width=\"1000px,,\" data-height=\"700px,,\" data-responsive-scale=\"true,,\" data-crop=\"false\">\n<source data-depicter-srcset=\"https:\/\/lecasierfrancais.es\/wp-content\/uploads\/2024\/09\/Reportage-Metier-fabrication-casier-\u252c\u00ae-Greg-Gonzalez-24-scaled-1000x700.jpg, https:\/\/lecasierfrancais.es\/wp-content\/uploads\/2024\/09\/Reportage-Metier-fabrication-casier-\u252c\u00ae-Greg-Gonzalez-24-scaled-2000x1400.jpg 2x\" srcset=\"data:image\/gif;base64,R0lGODlhAQABAIAAAAAAAP\/\/\/yH5BAEAAAAALAAAAAABAAEAAAIBRAA7\" \/>\n<img decoding=\"async\" src=\"data:image\/gif;base64,R0lGODlhAQABAIAAAAAAAP\/\/\/yH5BAEAAAAALAAAAAABAAEAAAIBRAA7\" data-depicter-src=\"https:\/\/lecasierfrancais.es\/wp-content\/uploads\/2024\/09\/Reportage-Metier-fabrication-casier-\u252c\u00ae-Greg-Gonzalez-24-scaled-1000x700.jpg\" alt=\"Technicien Le Casier Fran\u00e7ais en train faire les branchements \u00e9lectriques du distributeur automatique.\" \/>\n<\/picture><\/div>\n\n<div id=\"depicter-163-section-28\" class=\"depicter-section depicter-163-section-28\" data-name=\"Slide 12\" data-type=\"section\" data-local-id=\"section-28\">\n<picture id=\"depicter-163-element-29\" class=\"depicter-element depicter-layer depicter-163-element-29\" data-type=\"image\" data-wrap=\"true\" data-name=\"Image 13\" data-local-id=\"element-29\" data-offset=\"x:0px;y:0px;origin:tl\" data-width=\"1000px,,\" data-height=\"700px,,\" data-responsive-scale=\"true,,\" data-crop=\"false\">\n<source data-depicter-srcset=\"https:\/\/lecasierfrancais.es\/wp-content\/uploads\/2024\/09\/Reportage-Metier-fabrication-casier-\u252c\u00ae-Greg-Gonzalez-3-scaled-1000x700.jpg, https:\/\/lecasierfrancais.es\/wp-content\/uploads\/2024\/09\/Reportage-Metier-fabrication-casier-\u252c\u00ae-Greg-Gonzalez-3-scaled-2000x1400.jpg 2x\" srcset=\"data:image\/gif;base64,R0lGODlhAQABAIAAAAAAAP\/\/\/yH5BAEAAAAALAAAAAABAAEAAAIBRAA7\" \/>\n<img decoding=\"async\" src=\"data:image\/gif;base64,R0lGODlhAQABAIAAAAAAAP\/\/\/yH5BAEAAAAALAAAAAABAAEAAAIBRAA7\" data-depicter-src=\"https:\/\/lecasierfrancais.es\/wp-content\/uploads\/2024\/09\/Reportage-Metier-fabrication-casier-\u252c\u00ae-Greg-Gonzalez-3-scaled-1000x700.jpg\" alt=\"Technicienne Le Casier Fran\u00e7ais chargeant un distributeur automatique sur un transpalette pour le passer \u00e0 l&#039;\u00e9tape de fabrication suivante\" \/>\n<\/picture><\/div>\n\n<div id=\"depicter-163-section-30\" class=\"depicter-section depicter-163-section-30\" data-name=\"Slide 13\" data-type=\"section\" data-local-id=\"section-30\">\n<picture id=\"depicter-163-element-31\" class=\"depicter-element depicter-layer depicter-163-element-31\" data-type=\"image\" data-wrap=\"true\" data-name=\"Image 14\" data-local-id=\"element-31\" data-offset=\"x:0px;y:0px;origin:tl\" data-width=\"1000px,,\" data-height=\"700px,,\" data-responsive-scale=\"true,,\" data-crop=\"false\">\n<source data-depicter-srcset=\"https:\/\/lecasierfrancais.es\/wp-content\/uploads\/2024\/09\/Reportage-Metier-fabrication-casier-\u252c\u00ae-Greg-Gonzalez-70-scaled-1000x700.jpg, https:\/\/lecasierfrancais.es\/wp-content\/uploads\/2024\/09\/Reportage-Metier-fabrication-casier-\u252c\u00ae-Greg-Gonzalez-70-scaled-2000x1400.jpg 2x\" srcset=\"data:image\/gif;base64,R0lGODlhAQABAIAAAAAAAP\/\/\/yH5BAEAAAAALAAAAAABAAEAAAIBRAA7\" \/>\n<img decoding=\"async\" src=\"data:image\/gif;base64,R0lGODlhAQABAIAAAAAAAP\/\/\/yH5BAEAAAAALAAAAAABAAEAAAIBRAA7\" data-depicter-src=\"https:\/\/lecasierfrancais.es\/wp-content\/uploads\/2024\/09\/Reportage-Metier-fabrication-casier-\u252c\u00ae-Greg-Gonzalez-70-scaled-1000x700.jpg\" alt=\"S\u00e9rie de techniciens en charge de la fabrications des distributeurs automatiques Le Casier Fran\u00e7ais\" \/>\n<\/picture><\/div>\n\n<div id=\"depicter-163-section-32\" class=\"depicter-section depicter-163-section-32\" data-name=\"Slide 14\" data-type=\"section\" data-local-id=\"section-32\">\n<picture id=\"depicter-163-element-33\" class=\"depicter-element depicter-layer depicter-163-element-33\" data-type=\"image\" data-wrap=\"true\" data-name=\"Image 15\" data-local-id=\"element-33\" data-offset=\"x:0px;y:0px;origin:tl\" data-width=\"1000px,,\" data-height=\"700px,,\" data-responsive-scale=\"true,,\" data-crop=\"false\">\n<source data-depicter-srcset=\"https:\/\/lecasierfrancais.es\/wp-content\/uploads\/2024\/09\/Reportage-Metier-fabrication-casier-\u252c\u00ae-Greg-Gonzalez-88-scaled-1000x700.jpg, https:\/\/lecasierfrancais.es\/wp-content\/uploads\/2024\/09\/Reportage-Metier-fabrication-casier-\u252c\u00ae-Greg-Gonzalez-88-scaled-2000x1400.jpg 2x\" srcset=\"data:image\/gif;base64,R0lGODlhAQABAIAAAAAAAP\/\/\/yH5BAEAAAAALAAAAAABAAEAAAIBRAA7\" \/>\n<img decoding=\"async\" src=\"data:image\/gif;base64,R0lGODlhAQABAIAAAAAAAP\/\/\/yH5BAEAAAAALAAAAAABAAEAAAIBRAA7\" data-depicter-src=\"https:\/\/lecasierfrancais.es\/wp-content\/uploads\/2024\/09\/Reportage-Metier-fabrication-casier-\u252c\u00ae-Greg-Gonzalez-88-scaled-1000x700.jpg\" alt=\"Zoom sur le logo de l&#039;entreprise Le Casier Fran\u00e7ais sur la veste d&#039;un technicien en train d&#039;op\u00e9rer les branchements dans un distributeur automatique\" \/>\n<\/picture><\/div>\n\n<div id=\"depicter-163-section-34\" class=\"depicter-section depicter-163-section-34\" data-name=\"Slide 15\" data-type=\"section\" data-local-id=\"section-34\">\n<picture id=\"depicter-163-element-35\" class=\"depicter-element depicter-layer depicter-163-element-35\" data-type=\"image\" data-wrap=\"true\" data-name=\"Image 16\" data-local-id=\"element-35\" data-offset=\"x:0px;y:0px;origin:tl\" data-width=\"1000px,,\" data-height=\"700px,,\" data-responsive-scale=\"true,,\" data-crop=\"false\">\n<source data-depicter-srcset=\"https:\/\/lecasierfrancais.es\/wp-content\/uploads\/2024\/09\/Reportage-Metier-fabrication-casier-\u252c\u00ae-Greg-Gonzalez-119-scaled-1000x700.jpg, https:\/\/lecasierfrancais.es\/wp-content\/uploads\/2024\/09\/Reportage-Metier-fabrication-casier-\u252c\u00ae-Greg-Gonzalez-119-scaled-2000x1400.jpg 2x\" srcset=\"data:image\/gif;base64,R0lGODlhAQABAIAAAAAAAP\/\/\/yH5BAEAAAAALAAAAAABAAEAAAIBRAA7\" \/>\n<img decoding=\"async\" src=\"data:image\/gif;base64,R0lGODlhAQABAIAAAAAAAP\/\/\/yH5BAEAAAAALAAAAAABAAEAAAIBRAA7\" data-depicter-src=\"https:\/\/lecasierfrancais.es\/wp-content\/uploads\/2024\/09\/Reportage-Metier-fabrication-casier-\u252c\u00ae-Greg-Gonzalez-119-scaled-1000x700.jpg\" alt=\"Zoom sur des parois m\u00e9talliques servant \u00e0 la fabrication d&#039;un distributeur automatique Le Casier Fran\u00e7ais\" \/>\n<\/picture><\/div>\n<\/div>\n<script>\n(window.depicterSetups = window.depicterSetups || []).push(function(){\n\tDepicter.basePath = 'https:\/\/lecasierfrancais.es\/wp-content\/plugins\/depicter\/resources\/scripts\/player\/';\n\tconst dpPlayer = Depicter.setup('.depicter-163',\n\t\t{\"width\":[\"1000\",\"1000\",\"1000\"],\"height\":[\"700\",\"700\",\"700\"],\"view\":\"basic\",\"keepAspectRatio\":true,\"preload\":0,\"layout\":\"fullwidth\",\"rtl\":false,\"initAfterAppear\":false,\"ajaxApiUrl\":\"https:\\\/\\\/lecasierfrancais.es\\\/wp-admin\\\/admin-ajax.php\",\"viewOptions\":{\"loop\":true,\"space\":10},\"slideshow\":{\"duration\":2,\"pauseOnHover\":false,\"autostart\":true},\"mouseSwipe\":true,\"touchSwipe\":true,\"carouselOptions\":{\"columns\":{\"default\":3,\"tablet\":2,\"mobile\":1},\"mode\":\"focus\",\"alignItems\":\"center\",\"itemsContentGrowth\":\"grow-space\"},\"useWatermark\":false}\n\t);\n});\n<\/script>[\/vc_column_text][vc_column_text]<a id=\"mdeinfrance\"><\/a><span style=\"color: #f9f9f9;\">.<\/span>[\/vc_column_text][\/vc_column][\/vc_row][vc_row type=\u00a0\u00bbin_container\u00a0\u00bb full_screen_row_position=\u00a0\u00bbmiddle\u00a0\u00bb equal_height=\u00a0\u00bbyes\u00a0\u00bb scene_position=\u00a0\u00bbcenter\u00a0\u00bb text_color=\u00a0\u00bbdark\u00a0\u00bb text_align=\u00a0\u00bbleft\u00a0\u00bb overlay_strength=\u00a0\u00bb0.3&Prime; shape_divider_position=\u00a0\u00bbbottom\u00a0\u00bb shape_type=\u00a0\u00bb\u00a0\u00bb][vc_column column_padding=\u00a0\u00bbpadding-6-percent\u00a0\u00bb column_padding_position=\u00a0\u00bball\u00a0\u00bb background_color_opacity=\u00a0\u00bb1&Prime; background_hover_color_opacity=\u00a0\u00bb1&Prime; column_shadow=\u00a0\u00bbnone\u00a0\u00bb column_border_radius=\u00a0\u00bbnone\u00a0\u00bb width=\u00a0\u00bb1\/1&Prime; tablet_text_alignment=\u00a0\u00bbdefault\u00a0\u00bb phone_text_alignment=\u00a0\u00bbdefault\u00a0\u00bb column_border_width=\u00a0\u00bbnone\u00a0\u00bb column_border_color=\u00a0\u00bb#f9f9f9&Prime; column_border_style=\u00a0\u00bbsolid\u00a0\u00bb][vc_column_text]\n<h2><span style=\"color: #29235c;\">MADE IN FRANCE : Le Casier Fran\u00e7ais est bien Fran\u00e7ais ! \ud83d\udd35\u26aa\ud83d\udd34<\/span><\/h2>\n[\/vc_column_text]<div class=\"divider-wrap\"><div style=\"height: 20px;\" class=\"divider\"><\/div><\/div>[vc_column_text]C\u2019est sans nul doute la signature du Casier Fran\u00e7ais\u00a0: la <strong>fabrication fran\u00e7aise<\/strong> et une <strong>production (ultra) locale.<\/strong> \u00a0Il \u00e9tait difficilement concevable pour nous de promouvoir le circuit court et une consommation responsable si notre distributeur ne montrait pas l\u2019exemple. Alors nous nous en sommes donn\u00e9s les moyens\u00a0!<\/p>\n<p>Ce distributeur libre-service qui a fait notre renomm\u00e9e a \u00e9t\u00e9 imagin\u00e9, dessin\u00e9 et assembl\u00e9 dans nos ateliers pr\u00e8s de Lille par nos Ing\u00e9nieurs m\u00e9canique et notre \u00e9quipe industrielle.<\/p>\n<p><strong>93% de notre casier automatique est fran\u00e7ais<\/strong> et 80% de nos composants proviennent d\u2019un rayon de 30 km autour de l\u2019entreprise, dans les Hauts-de-France. Nous effectuons une s\u00e9lection pr\u00e9cise et qualitative des mat\u00e9riaux et composants pour remplir nos exigences industrielles. Depuis des ann\u00e9es, nous nous sommes alors constitu\u00e9s un vivier de partenaires et fournisseurs s\u00e9rieux pour construire une solution innovante, fran\u00e7aise et de qualit\u00e9 premium.<\/p>\n<p>Notre ambition est de prouver que le \u00ab\u00a0Fabriqu\u00e9 en France\u00a0\u00bb a encore de beaux jours devant lui et signe aujourd\u2019hui un engagement de qualit\u00e9 et de savoir-faire local.[\/vc_column_text]<div class=\"divider-wrap\"><div style=\"height: 20px;\" class=\"divider\"><\/div><\/div>[nectar_btn size=\u00a0\u00bblarge\u00a0\u00bb button_style=\u00a0\u00bbregular\u00a0\u00bb button_color_2=\u00a0\u00bbExtra-Color-1&Prime; color_override=\u00a0\u00bb#29235c\u00a0\u00bb icon_family=\u00a0\u00bbfontawesome\u00a0\u00bb url=\u00a0\u00bbhttps:\/\/lecasierfrancais.es\/index.php\/contact-le-casier-francais\/\u00a0\u00bb text=\u00a0\u00bbJE DEMANDE UN DEVIS\u00a0\u00bb icon_fontawesome=\u00a0\u00bbfa fa-arrow-circle-right\u00a0\u00bb][vc_column_text]<a id=\"innovations\"><\/a><span style=\"color: #f9f9f9;\">.<\/span>[\/vc_column_text][\/vc_column][\/vc_row][vc_row type=\u00a0\u00bbfull_width_content\u00a0\u00bb full_screen_row_position=\u00a0\u00bbmiddle\u00a0\u00bb equal_height=\u00a0\u00bbyes\u00a0\u00bb content_placement=\u00a0\u00bbmiddle\u00a0\u00bb scene_position=\u00a0\u00bbcenter\u00a0\u00bb text_color=\u00a0\u00bbdark\u00a0\u00bb text_align=\u00a0\u00bbleft\u00a0\u00bb top_padding=\u00a0\u00bb3%\u00a0\u00bb overlay_strength=\u00a0\u00bb0.3&Prime; shape_divider_position=\u00a0\u00bbbottom\u00a0\u00bb shape_type=\u00a0\u00bb\u00a0\u00bb][vc_column column_padding=\u00a0\u00bbno-extra-padding\u00a0\u00bb column_padding_position=\u00a0\u00bball\u00a0\u00bb background_color_opacity=\u00a0\u00bb1&Prime; background_hover_color_opacity=\u00a0\u00bb1&Prime; column_shadow=\u00a0\u00bbnone\u00a0\u00bb column_border_radius=\u00a0\u00bbnone\u00a0\u00bb width=\u00a0\u00bb1\/1&Prime; tablet_text_alignment=\u00a0\u00bbdefault\u00a0\u00bb phone_text_alignment=\u00a0\u00bbdefault\u00a0\u00bb column_border_width=\u00a0\u00bb8px\u00a0\u00bb column_border_color=\u00a0\u00bb#f9f9f9&Prime; column_border_style=\u00a0\u00bbsolid\u00a0\u00bb][vc_row_inner column_margin=\u00a0\u00bbdefault\u00a0\u00bb text_align=\u00a0\u00bbleft\u00a0\u00bb][vc_column_inner column_padding=\u00a0\u00bbno-extra-padding\u00a0\u00bb column_padding_position=\u00a0\u00bball\u00a0\u00bb background_color_opacity=\u00a0\u00bb1&Prime; background_hover_color_opacity=\u00a0\u00bb1&Prime; column_shadow=\u00a0\u00bbnone\u00a0\u00bb column_border_radius=\u00a0\u00bbnone\u00a0\u00bb width=\u00a0\u00bb1\/2&Prime; column_border_width=\u00a0\u00bbnone\u00a0\u00bb column_border_style=\u00a0\u00bbsolid\u00a0\u00bb]<div class=\"img-with-aniamtion-wrap \" data-max-width=\"100%\" data-border-radius=\"20px\"><div class=\"inner\"><img decoding=\"async\" data-shadow=\"none\" data-shadow-direction=\"middle\" class=\"img-with-animation \" data-delay=\"0\" height=\"1228\" width=\"2000\" data-animation=\"fade-in\" src=\"https:\/\/lecasierfrancais.es\/wp-content\/uploads\/2024\/09\/Reportage-Metier-fabrication-casier-\u252c\u00ae-Greg-Gonzalez-44-scaled.jpg\" srcset=\"https:\/\/lecasierfrancais.es\/wp-content\/uploads\/2024\/09\/Reportage-Metier-fabrication-casier-\u252c\u00ae-Greg-Gonzalez-44-scaled.jpg 2000w, https:\/\/lecasierfrancais.es\/wp-content\/uploads\/2024\/09\/Reportage-Metier-fabrication-casier-\u252c\u00ae-Greg-Gonzalez-44-300x184.jpg 300w, https:\/\/lecasierfrancais.es\/wp-content\/uploads\/2024\/09\/Reportage-Metier-fabrication-casier-\u252c\u00ae-Greg-Gonzalez-44-1024x629.jpg 1024w, https:\/\/lecasierfrancais.es\/wp-content\/uploads\/2024\/09\/Reportage-Metier-fabrication-casier-\u252c\u00ae-Greg-Gonzalez-44-768x472.jpg 768w, https:\/\/lecasierfrancais.es\/wp-content\/uploads\/2024\/09\/Reportage-Metier-fabrication-casier-\u252c\u00ae-Greg-Gonzalez-44-1536x943.jpg 1536w, https:\/\/lecasierfrancais.es\/wp-content\/uploads\/2024\/09\/Reportage-Metier-fabrication-casier-\u252c\u00ae-Greg-Gonzalez-44-2048x1258.jpg 2048w, https:\/\/lecasierfrancais.es\/wp-content\/uploads\/2024\/09\/Reportage-Metier-fabrication-casier-\u252c\u00ae-Greg-Gonzalez-44-200x123.jpg 200w\" sizes=\"100vw\" alt=\"Technicienne Le Casier Fran\u00e7ais en charge de d\u00e9placer un distributeur automatique en cours de fabrication\" \/><\/div><\/div>[\/vc_column_inner][vc_column_inner column_padding=\u00a0\u00bbpadding-3-percent\u00a0\u00bb column_padding_position=\u00a0\u00bball\u00a0\u00bb background_color_opacity=\u00a0\u00bb1&Prime; background_hover_color_opacity=\u00a0\u00bb1&Prime; column_shadow=\u00a0\u00bbnone\u00a0\u00bb column_border_radius=\u00a0\u00bbnone\u00a0\u00bb width=\u00a0\u00bb1\/2&Prime; column_border_width=\u00a0\u00bbnone\u00a0\u00bb column_border_style=\u00a0\u00bbsolid\u00a0\u00bb][vc_column_text]\n<h2><span style=\"color: #29235c;\">INNOVATION : Nous faisons grandir notre distributeur chaque jour un peu plus\u2026<\/span><\/h2>\n[\/vc_column_text]<div class=\"divider-wrap\"><div style=\"height: 20px;\" class=\"divider\"><\/div><\/div><div class=\"img-with-aniamtion-wrap \" data-max-width=\"100%\" data-border-radius=\"none\"><div class=\"inner\"><img decoding=\"async\" data-shadow=\"none\" data-shadow-direction=\"middle\" class=\"img-with-animation \" data-delay=\"0\" height=\"113\" width=\"150\" data-animation=\"fade-in\" src=\"https:\/\/lecasierfrancais.es\/wp-content\/uploads\/2024\/09\/Logo-Innovation_150px.png\"  alt=\"Logo une innovationLe Casier Fran\u00e7ais\" \/><\/div><\/div><div class=\"divider-wrap\"><div style=\"height: 20px;\" class=\"divider\"><\/div><\/div>[vc_column_text]Conceptuel et novateur, notre produit sait se faire remarquer. Il a \u00e9t\u00e9 le fruit de longs mois de recherches pour aboutir \u00e0 un <strong>distributeur premium<\/strong> capable de r\u00e9volutionner l\u2019univers du circuit court.<\/p>\n<p>Avec l\u2019exp\u00e9rience et les retours de nos clients, nous avons sans cesse cherch\u00e9 \u00e0 am\u00e9liorer notre \u00e9quipement pour vous faire <strong>gagner en efficacit\u00e9, temps et productivit\u00e9.<\/strong> C\u2019est pourquoi notre \u00e9quipe Recherche et D\u00e9veloppement en interne imagine, chaque jour, les perfectionnements et services de demain sur notre distributeur automatique.<\/p>\n<p>C\u2019est gr\u00e2ce \u00e0 ces petits + que nous am\u00e9liorons l\u2019exp\u00e9rience client !<\/p>\n<p>D\u00e9couvrez nos derni\u00e8res innovations ci-dessous \ud83d\udc47[\/vc_column_text][\/vc_column_inner][\/vc_row_inner][\/vc_column][\/vc_row][vc_row type=\u00a0\u00bbin_container\u00a0\u00bb full_screen_row_position=\u00a0\u00bbmiddle\u00a0\u00bb equal_height=\u00a0\u00bbyes\u00a0\u00bb scene_position=\u00a0\u00bbcenter\u00a0\u00bb text_color=\u00a0\u00bbdark\u00a0\u00bb text_align=\u00a0\u00bbleft\u00a0\u00bb top_padding=\u00a0\u00bb2%\u00a0\u00bb bottom_padding=\u00a0\u00bb8%\u00a0\u00bb overlay_strength=\u00a0\u00bb0.3&Prime; shape_divider_position=\u00a0\u00bbbottom\u00a0\u00bb shape_type=\u00a0\u00bb\u00a0\u00bb][vc_column column_padding=\u00a0\u00bbno-extra-padding\u00a0\u00bb column_padding_position=\u00a0\u00bball\u00a0\u00bb background_color_opacity=\u00a0\u00bb1&Prime; background_hover_color_opacity=\u00a0\u00bb1&Prime; column_shadow=\u00a0\u00bbnone\u00a0\u00bb column_border_radius=\u00a0\u00bbnone\u00a0\u00bb width=\u00a0\u00bb1\/3&Prime; tablet_text_alignment=\u00a0\u00bbdefault\u00a0\u00bb phone_text_alignment=\u00a0\u00bbdefault\u00a0\u00bb column_border_width=\u00a0\u00bbnone\u00a0\u00bb column_border_style=\u00a0\u00bbsolid\u00a0\u00bb][vc_column_text]<style id=\"depicter-235-inline-pre-css\">\n\n.depicter-235:not(.depicter-ready){\n\twidth:385px;\n\theight:385px;\n}\n\n\/***** Tablet *****\/\n@media screen and (max-width: 1024px){\n\n.depicter-235:not(.depicter-ready){\n\twidth:385px;\n\theight:385px;\n}\n\n}\n\/***** Mobile *****\/\n@media screen and (max-width: 767px){\n\n.depicter-235:not(.depicter-ready){\n\twidth:385px;\n\theight:385px;\n}\n\n}\n<\/style>\n<div id=\"depicter-235\" class=\"depicter depicter-document depicter-revert depicter-235\">\n\n<div class=\"depicter-loading-container depicter-loading dotFlashing-dark\"><div class=\"depicter-loading-dark depicter-dot-flashing\">\n   <span><\/span>\n   <span><\/span>\n   <span><\/span>\n<\/div>\n<\/div>\n<div id=\"depicter-235-section-1\" class=\"depicter-section depicter-235-section-1\" data-name=\"Section 1\" data-type=\"section\" data-local-id=\"section-1\">\n<div id=\"depicter-235-element-7\" class=\"depicter-element depicter-layer depicter-235-element-7\" data-type=\"shape\" data-wrap=\"true\" data-name=\"Shape 3\" data-local-id=\"element-7\" data-offset=\"x:0px;y:0px;origin:tl\" data-width=\"385px,,\" data-height=\"385px,,\" data-responsive-scale=\"true,,\"><\/div>\n\n<div id=\"depicter-235-element-4\" class=\"depicter-element depicter-layer depicter-235-element-4\" data-type=\"shape\" data-wrap=\"true\" data-name=\"Shape 2\" data-local-id=\"element-4\" data-offset=\"x:0px;y:0px;origin:tl\" data-width=\"385px,,\" data-height=\"46px,,\" data-responsive-scale=\"true,,\"><\/div>\n\n<button id=\"depicter-235-element-5\" class=\"depicter-element depicter-layer depicter-235-element-5\" data-type=\"button\" data-wrap=\"true\" data-name=\"Button 1\" data-local-id=\"element-5\" data-offset=\"x:138px;y:338px;origin:tl\" data-actions=\"[['openURL','click',0,{'path':'\\\/index.php\\\/gestion-du-froid\\\/','target':'_self'}]]\" data-width=\"110px,,\" data-height=\"29px,,\" data-responsive-scale=\"true,,\"><span class=\"dp-inner-content\">Voir plus<\/span><\/button>\n<p id=\"depicter-235-element-6\" class=\"depicter-element depicter-layer depicter-235-element-6\" data-type=\"text\" data-wrap=\"true\" data-name=\"Text 1\" data-local-id=\"element-6\" data-offset=\"x:113px;y:9px;origin:tl\" data-width=\"auto,,\" data-height=\"auto,,\" data-responsive-scale=\"true,,\">Gestion du froid<\/p>\n\n<picture id=\"depicter-235-element-16\" class=\"depicter-element depicter-layer depicter-235-element-16\" data-type=\"image\" data-wrap=\"true\" data-name=\"Image 10\" data-local-id=\"element-16\" data-offset=\"x:68px;y:68px;origin:tl\" data-width=\"250px,,\" data-height=\"250px,,\" data-responsive-scale=\"true,,\" data-crop=\"false\">\n<source data-depicter-srcset=\"https:\/\/lecasierfrancais.es\/wp-content\/uploads\/2024\/09\/zoom-case-7-scaled-250x250.jpg, https:\/\/lecasierfrancais.es\/wp-content\/uploads\/2024\/09\/zoom-case-7-scaled-500x500.jpg 2x\" srcset=\"data:image\/gif;base64,R0lGODlhAQABAIAAAAAAAP\/\/\/yH5BAEAAAAALAAAAAABAAEAAAIBRAA7\" \/>\n<img decoding=\"async\" src=\"data:image\/gif;base64,R0lGODlhAQABAIAAAAAAAP\/\/\/yH5BAEAAAAALAAAAAABAAEAAAIBRAA7\" data-depicter-src=\"https:\/\/lecasierfrancais.es\/wp-content\/uploads\/2024\/09\/zoom-case-7-scaled-250x250.jpg\" alt=\"Distributeur automatique Le Casier Fran\u00e7ais comportant des produits locaux (compotes, yaourts, fromages...)\" \/>\n<\/picture><\/div>\n<\/div>\n<script>\n(window.depicterSetups = window.depicterSetups || []).push(function(){\n\tDepicter.basePath = 'https:\/\/lecasierfrancais.es\/wp-content\/plugins\/depicter\/resources\/scripts\/player\/';\n\tconst dpPlayer = Depicter.setup('.depicter-235',\n\t\t{\"width\":[\"385\",\"385\",\"385\"],\"height\":[\"385\",\"385\",\"385\"],\"view\":\"basic\",\"keepAspectRatio\":true,\"preload\":0,\"layout\":\"boxed\",\"rtl\":false,\"initAfterAppear\":false,\"ajaxApiUrl\":\"https:\\\/\\\/lecasierfrancais.es\\\/wp-admin\\\/admin-ajax.php\",\"viewOptions\":{\"loop\":true},\"mouseSwipe\":false,\"touchSwipe\":false,\"useWatermark\":false}\n\t);\n});\n<\/script>[\/vc_column_text][\/vc_column][vc_column column_padding=\u00a0\u00bbno-extra-padding\u00a0\u00bb column_padding_position=\u00a0\u00bball\u00a0\u00bb background_color_opacity=\u00a0\u00bb1&Prime; background_hover_color_opacity=\u00a0\u00bb1&Prime; column_shadow=\u00a0\u00bbnone\u00a0\u00bb column_border_radius=\u00a0\u00bbnone\u00a0\u00bb width=\u00a0\u00bb1\/3&Prime; tablet_text_alignment=\u00a0\u00bbdefault\u00a0\u00bb phone_text_alignment=\u00a0\u00bbdefault\u00a0\u00bb column_border_width=\u00a0\u00bbnone\u00a0\u00bb column_border_style=\u00a0\u00bbsolid\u00a0\u00bb][vc_column_text]<style id=\"depicter-71-inline-pre-css\">\n\n.depicter-71:not(.depicter-ready){\n\twidth:385px;\n\theight:385px;\n}\n\n\/***** Tablet *****\/\n@media screen and (max-width: 1024px){\n\n.depicter-71:not(.depicter-ready){\n\twidth:385px;\n\theight:385px;\n}\n\n}\n\/***** Mobile *****\/\n@media screen and (max-width: 767px){\n\n.depicter-71:not(.depicter-ready){\n\twidth:385px;\n\theight:385px;\n}\n\n}\n<\/style>\n<div id=\"depicter-71\" class=\"depicter depicter-document depicter-revert depicter-71\">\n\n<div class=\"depicter-loading-container depicter-loading dotFlashing-dark\"><div class=\"depicter-loading-dark depicter-dot-flashing\">\n   <span><\/span>\n   <span><\/span>\n   <span><\/span>\n<\/div>\n<\/div>\n<div id=\"depicter-71-section-1\" class=\"depicter-section depicter-71-section-1\" data-name=\"Section 1\" data-type=\"section\" data-local-id=\"section-1\">\n<div id=\"depicter-71-element-7\" class=\"depicter-element depicter-layer depicter-71-element-7\" data-type=\"shape\" data-wrap=\"true\" data-name=\"Shape 3\" data-local-id=\"element-7\" data-offset=\"x:0px;y:0px;origin:tl\" data-width=\"385px,,\" data-height=\"385px,,\" data-responsive-scale=\"true,,\"><\/div>\n\n<div id=\"depicter-71-element-4\" class=\"depicter-element depicter-layer depicter-71-element-4\" data-type=\"shape\" data-wrap=\"true\" data-name=\"Shape 2\" data-local-id=\"element-4\" data-offset=\"x:0px;y:0px;origin:tl\" data-width=\"385px,,\" data-height=\"46px,,\" data-responsive-scale=\"true,,\"><\/div>\n\n<button id=\"depicter-71-element-5\" class=\"depicter-element depicter-layer depicter-71-element-5\" data-type=\"button\" data-wrap=\"true\" data-name=\"Button 1\" data-local-id=\"element-5\" data-offset=\"x:138px;y:338px;origin:tl\" data-actions=\"[['openURL','click',0,{'path':'\\\/index.php\\\/innovations-double-vente\\\/','target':'_self'}]]\" data-width=\"110px,,\" data-height=\"29px,,\" data-responsive-scale=\"true,,\"><span class=\"dp-inner-content\">Voir plus<\/span><\/button>\n<p id=\"depicter-71-element-6\" class=\"depicter-element depicter-layer depicter-71-element-6\" data-type=\"text\" data-wrap=\"true\" data-name=\"Text 1\" data-local-id=\"element-6\" data-offset=\"x:85px;y:9px;origin:tl\" data-width=\"auto,,\" data-height=\"auto,,\" data-responsive-scale=\"true,,\">Module double vente<\/p>\n\n<picture id=\"depicter-71-element-15\" class=\"depicter-element depicter-layer depicter-71-element-15\" data-type=\"image\" data-wrap=\"true\" data-name=\"Image 9\" data-local-id=\"element-15\" data-offset=\"x:113px;y:68px;origin:tl\" data-width=\"158.8px,,\" data-height=\"250px,,\" data-responsive-scale=\"true,,\" data-crop=\"false\">\n<source data-depicter-srcset=\"https:\/\/lecasierfrancais.es\/wp-content\/uploads\/2024\/09\/Module21DV_RAL9003-159x250.png, https:\/\/lecasierfrancais.es\/wp-content\/uploads\/2024\/09\/Module21DV_RAL9003-318x500.png 2x\" srcset=\"data:image\/gif;base64,R0lGODlhAQABAIAAAAAAAP\/\/\/yH5BAEAAAAALAAAAAABAAEAAAIBRAA7\" \/>\n<img decoding=\"async\" src=\"data:image\/gif;base64,R0lGODlhAQABAIAAAAAAAP\/\/\/yH5BAEAAAAALAAAAAABAAEAAAIBRAA7\" data-depicter-src=\"https:\/\/lecasierfrancais.es\/wp-content\/uploads\/2024\/09\/Module21DV_RAL9003-159x250.png\" alt=\"Distributeur automatique double vente Le Casier Fran\u00e7ais 21 casiers disponible en blanc\" \/>\n<\/picture><\/div>\n<\/div>\n<script>\n(window.depicterSetups = window.depicterSetups || []).push(function(){\n\tDepicter.basePath = 'https:\/\/lecasierfrancais.es\/wp-content\/plugins\/depicter\/resources\/scripts\/player\/';\n\tconst dpPlayer = Depicter.setup('.depicter-71',\n\t\t{\"width\":[\"385\",\"385\",\"385\"],\"height\":[\"385\",\"385\",\"385\"],\"view\":\"basic\",\"keepAspectRatio\":true,\"preload\":0,\"layout\":\"boxed\",\"rtl\":false,\"initAfterAppear\":false,\"ajaxApiUrl\":\"https:\\\/\\\/lecasierfrancais.es\\\/wp-admin\\\/admin-ajax.php\",\"viewOptions\":{\"loop\":true},\"mouseSwipe\":false,\"touchSwipe\":false,\"useWatermark\":false}\n\t);\n});\n<\/script>[\/vc_column_text][\/vc_column][vc_column column_padding=\u00a0\u00bbno-extra-padding\u00a0\u00bb column_padding_position=\u00a0\u00bball\u00a0\u00bb background_color_opacity=\u00a0\u00bb1&Prime; background_hover_color_opacity=\u00a0\u00bb1&Prime; column_shadow=\u00a0\u00bbnone\u00a0\u00bb column_border_radius=\u00a0\u00bbnone\u00a0\u00bb width=\u00a0\u00bb1\/3&Prime; tablet_text_alignment=\u00a0\u00bbdefault\u00a0\u00bb phone_text_alignment=\u00a0\u00bbdefault\u00a0\u00bb column_border_width=\u00a0\u00bbnone\u00a0\u00bb column_border_style=\u00a0\u00bbsolid\u00a0\u00bb][vc_column_text]<style id=\"depicter-73-inline-pre-css\">\n\n.depicter-73:not(.depicter-ready){\n\twidth:385px;\n\theight:385px;\n}\n\n\/***** Tablet *****\/\n@media screen and (max-width: 1024px){\n\n.depicter-73:not(.depicter-ready){\n\twidth:385px;\n\theight:385px;\n}\n\n}\n\/***** Mobile *****\/\n@media screen and (max-width: 767px){\n\n.depicter-73:not(.depicter-ready){\n\twidth:385px;\n\theight:385px;\n}\n\n}\n<\/style>\n<div id=\"depicter-73\" class=\"depicter depicter-document depicter-revert depicter-73\">\n\n<div class=\"depicter-loading-container depicter-loading dotFlashing-dark\"><div class=\"depicter-loading-dark depicter-dot-flashing\">\n   <span><\/span>\n   <span><\/span>\n   <span><\/span>\n<\/div>\n<\/div>\n<div id=\"depicter-73-section-1\" class=\"depicter-section depicter-73-section-1\" data-name=\"Section 1\" data-type=\"section\" data-local-id=\"section-1\">\n<div id=\"depicter-73-element-7\" class=\"depicter-element depicter-layer depicter-73-element-7\" data-type=\"shape\" data-wrap=\"true\" data-name=\"Shape 3\" data-local-id=\"element-7\" data-offset=\"x:0px;y:0px;origin:tl\" data-width=\"385px,,\" data-height=\"385px,,\" data-responsive-scale=\"true,,\"><\/div>\n\n<div id=\"depicter-73-element-4\" class=\"depicter-element depicter-layer depicter-73-element-4\" data-type=\"shape\" data-wrap=\"true\" data-name=\"Shape 2\" data-local-id=\"element-4\" data-offset=\"x:0px;y:0px;origin:tl\" data-width=\"385px,,\" data-height=\"46px,,\" data-responsive-scale=\"true,,\"><\/div>\n\n<button id=\"depicter-73-element-5\" class=\"depicter-element depicter-layer depicter-73-element-5\" data-type=\"button\" data-wrap=\"true\" data-name=\"Button 1\" data-local-id=\"element-5\" data-offset=\"x:138px;y:338px;origin:tl\" data-actions=\"[['openURL','click',0,{'path':'\\\/index.php\\\/innovation-plateau-tournant\\\/','target':'_self'}]]\" data-width=\"110px,,\" data-height=\"29px,,\" data-responsive-scale=\"true,,\"><span class=\"dp-inner-content\">Voir plus<\/span><\/button>\n<p id=\"depicter-73-element-6\" class=\"depicter-element depicter-layer depicter-73-element-6\" data-type=\"text\" data-wrap=\"true\" data-name=\"Text 1\" data-local-id=\"element-6\" data-offset=\"x:66px;y:9px;origin:tl\" data-width=\"auto,,\" data-height=\"auto,,\" data-responsive-scale=\"true,,\">Module plateau tournant<\/p>\n\n<picture id=\"depicter-73-element-16\" class=\"depicter-element depicter-layer depicter-73-element-16\" data-type=\"image\" data-wrap=\"true\" data-name=\"Image 10\" data-local-id=\"element-16\" data-offset=\"x:106px;y:68px;origin:tl\" data-width=\"172.5px,,\" data-height=\"250px,,\" data-responsive-scale=\"true,,\" data-crop=\"false\">\n<source data-depicter-srcset=\"https:\/\/lecasierfrancais.es\/wp-content\/uploads\/2024\/09\/Module21PT_RAL9003-173x250.png, https:\/\/lecasierfrancais.es\/wp-content\/uploads\/2024\/09\/Module21PT_RAL9003-346x500.png 2x\" srcset=\"data:image\/gif;base64,R0lGODlhAQABAIAAAAAAAP\/\/\/yH5BAEAAAAALAAAAAABAAEAAAIBRAA7\" \/>\n<img decoding=\"async\" src=\"data:image\/gif;base64,R0lGODlhAQABAIAAAAAAAP\/\/\/yH5BAEAAAAALAAAAAABAAEAAAIBRAA7\" data-depicter-src=\"https:\/\/lecasierfrancais.es\/wp-content\/uploads\/2024\/09\/Module21PT_RAL9003-173x250.png\" alt=\"Distributeur automatique plateau tournant Le Casier Fran\u00e7ais 21 casiers disponible en blanc\" \/>\n<\/picture><\/div>\n<\/div>\n<script>\n(window.depicterSetups = window.depicterSetups || []).push(function(){\n\tDepicter.basePath = 'https:\/\/lecasierfrancais.es\/wp-content\/plugins\/depicter\/resources\/scripts\/player\/';\n\tconst dpPlayer = Depicter.setup('.depicter-73',\n\t\t{\"width\":[\"385\",\"385\",\"385\"],\"height\":[\"385\",\"385\",\"385\"],\"view\":\"basic\",\"keepAspectRatio\":true,\"preload\":0,\"layout\":\"boxed\",\"rtl\":false,\"initAfterAppear\":false,\"ajaxApiUrl\":\"https:\\\/\\\/lecasierfrancais.es\\\/wp-admin\\\/admin-ajax.php\",\"viewOptions\":{\"loop\":true},\"mouseSwipe\":false,\"touchSwipe\":false,\"useWatermark\":false}\n\t);\n});\n<\/script>[\/vc_column_text][\/vc_column][\/vc_row]\n","protected":false},"excerpt":{"rendered":"<p>[vc_row type=\u00a0\u00bbfull_width_content\u00a0\u00bb full_screen_row_position=\u00a0\u00bbmiddle\u00a0\u00bb scene_position=\u00a0\u00bbcenter\u00a0\u00bb text_color=\u00a0\u00bbdark\u00a0\u00bb text_align=\u00a0\u00bbleft\u00a0\u00bb overlay_strength=\u00a0\u00bb0.3&Prime; shape_divider_position=\u00a0\u00bbbottom\u00a0\u00bb shape_type=\u00a0\u00bb\u00a0\u00bb][vc_column column_padding=\u00a0\u00bbno-extra-padding\u00a0\u00bb column_padding_position=\u00a0\u00bball\u00a0\u00bb background_color_opacity=\u00a0\u00bb1&Prime; background_hover_color_opacity=\u00a0\u00bb1&Prime; column_shadow=\u00a0\u00bbnone\u00a0\u00bb column_border_radius=\u00a0\u00bbnone\u00a0\u00bb&#8230;<\/p>\n","protected":false},"author":3,"featured_media":0,"parent":10960,"menu_order":0,"comment_status":"closed","ping_status":"closed","template":"","meta":{"footnotes":""},"class_list":["post-11818","page","type-page","status-publish"],"yoast_head":"<!-- This site is optimized with the Yoast SEO Premium plugin v26.1 (Yoast SEO v26.1.1) - https:\/\/yoast.com\/wordpress\/plugins\/seo\/ -->\n<title>Les points forts Le Casier Fran\u00e7ais : distributeurs automatique \u00e0 la qualit\u00e9 premium<\/title>\n<meta name=\"description\" content=\"Nous vous d\u00e9voilons les atouts Le Casier Fran\u00e7ais : innovations, fabrication fran\u00e7aise, service achat ou location...\" \/>\n<meta name=\"robots\" content=\"index, follow, max-snippet:-1, max-image-preview:large, max-video-preview:-1\" \/>\n<link rel=\"canonical\" href=\"https:\/\/lecasierfrancais.es\/index.php\/nos-solutions-modulables\/nos-specificites-et-outils\/\" \/>\n<meta property=\"og:locale\" content=\"fr_FR\" \/>\n<meta property=\"og:type\" content=\"article\" \/>\n<meta property=\"og:title\" content=\"Nos outils\" \/>\n<meta property=\"og:description\" content=\"Nous vous d\u00e9voilons les atouts Le Casier Fran\u00e7ais : innovations, fabrication fran\u00e7aise, service achat ou location...\" \/>\n<meta property=\"og:url\" content=\"https:\/\/lecasierfrancais.es\/index.php\/nos-solutions-modulables\/nos-specificites-et-outils\/\" \/>\n<meta property=\"og:site_name\" content=\"Le Casier Fran\u00e7ais\" \/>\n<meta property=\"article:publisher\" content=\"https:\/\/www.facebook.com\/lecasierfrancais\/\" \/>\n<meta property=\"article:modified_time\" content=\"2024-09-18T06:32:10+00:00\" \/>\n<meta name=\"twitter:card\" content=\"summary_large_image\" \/>\n<meta name=\"twitter:label1\" content=\"Dur\u00e9e de lecture estim\u00e9e\" \/>\n\t<meta name=\"twitter:data1\" content=\"6 minutes\" \/>\n<script type=\"application\/ld+json\" class=\"yoast-schema-graph\">{\"@context\":\"https:\/\/schema.org\",\"@graph\":[{\"@type\":\"WebPage\",\"@id\":\"https:\/\/lecasierfrancais.es\/index.php\/nos-solutions-modulables\/nos-specificites-et-outils\/\",\"url\":\"https:\/\/lecasierfrancais.es\/index.php\/nos-solutions-modulables\/nos-specificites-et-outils\/\",\"name\":\"Les points forts Le Casier Fran\u00e7ais : distributeurs automatique \u00e0 la qualit\u00e9 premium\",\"isPartOf\":{\"@id\":\"https:\/\/lecasierfrancais.es\/#website\"},\"datePublished\":\"2024-09-12T08:13:19+00:00\",\"dateModified\":\"2024-09-18T06:32:10+00:00\",\"description\":\"Nous vous d\u00e9voilons les atouts Le Casier Fran\u00e7ais : innovations, fabrication fran\u00e7aise, service achat ou location...\",\"breadcrumb\":{\"@id\":\"https:\/\/lecasierfrancais.es\/index.php\/nos-solutions-modulables\/nos-specificites-et-outils\/#breadcrumb\"},\"inLanguage\":\"fr-FR\",\"potentialAction\":[{\"@type\":\"ReadAction\",\"target\":[\"https:\/\/lecasierfrancais.es\/index.php\/nos-solutions-modulables\/nos-specificites-et-outils\/\"]}]},{\"@type\":\"BreadcrumbList\",\"@id\":\"https:\/\/lecasierfrancais.es\/index.php\/nos-solutions-modulables\/nos-specificites-et-outils\/#breadcrumb\",\"itemListElement\":[{\"@type\":\"ListItem\",\"position\":1,\"name\":\"Accueil\",\"item\":\"https:\/\/lecasierfrancais.es\/\"},{\"@type\":\"ListItem\",\"position\":2,\"name\":\"Produits &#038; services\",\"item\":\"https:\/\/lecasierfrancais.es\/index.php\/nos-solutions-modulables\/\"},{\"@type\":\"ListItem\",\"position\":3,\"name\":\"Nos outils\"}]},{\"@type\":\"WebSite\",\"@id\":\"https:\/\/lecasierfrancais.es\/#website\",\"url\":\"https:\/\/lecasierfrancais.es\/\",\"name\":\"Le Casier Fran\u00e7ais\",\"description\":\"\",\"potentialAction\":[{\"@type\":\"SearchAction\",\"target\":{\"@type\":\"EntryPoint\",\"urlTemplate\":\"https:\/\/lecasierfrancais.es\/?s={search_term_string}\"},\"query-input\":{\"@type\":\"PropertyValueSpecification\",\"valueRequired\":true,\"valueName\":\"search_term_string\"}}],\"inLanguage\":\"fr-FR\"}]}<\/script>\n<!-- \/ Yoast SEO Premium plugin. -->","yoast_head_json":{"title":"Les points forts Le Casier Fran\u00e7ais : distributeurs automatique \u00e0 la qualit\u00e9 premium","description":"Nous vous d\u00e9voilons les atouts Le Casier Fran\u00e7ais : innovations, fabrication fran\u00e7aise, service achat ou location...","robots":{"index":"index","follow":"follow","max-snippet":"max-snippet:-1","max-image-preview":"max-image-preview:large","max-video-preview":"max-video-preview:-1"},"canonical":"https:\/\/lecasierfrancais.es\/index.php\/nos-solutions-modulables\/nos-specificites-et-outils\/","og_locale":"fr_FR","og_type":"article","og_title":"Nos outils","og_description":"Nous vous d\u00e9voilons les atouts Le Casier Fran\u00e7ais : innovations, fabrication fran\u00e7aise, service achat ou location...","og_url":"https:\/\/lecasierfrancais.es\/index.php\/nos-solutions-modulables\/nos-specificites-et-outils\/","og_site_name":"Le Casier Fran\u00e7ais","article_publisher":"https:\/\/www.facebook.com\/lecasierfrancais\/","article_modified_time":"2024-09-18T06:32:10+00:00","twitter_card":"summary_large_image","twitter_misc":{"Dur\u00e9e de lecture estim\u00e9e":"6 minutes"},"schema":{"@context":"https:\/\/schema.org","@graph":[{"@type":"WebPage","@id":"https:\/\/lecasierfrancais.es\/index.php\/nos-solutions-modulables\/nos-specificites-et-outils\/","url":"https:\/\/lecasierfrancais.es\/index.php\/nos-solutions-modulables\/nos-specificites-et-outils\/","name":"Les points forts Le Casier Fran\u00e7ais : distributeurs automatique \u00e0 la qualit\u00e9 premium","isPartOf":{"@id":"https:\/\/lecasierfrancais.es\/#website"},"datePublished":"2024-09-12T08:13:19+00:00","dateModified":"2024-09-18T06:32:10+00:00","description":"Nous vous d\u00e9voilons les atouts Le Casier Fran\u00e7ais : innovations, fabrication fran\u00e7aise, service achat ou location...","breadcrumb":{"@id":"https:\/\/lecasierfrancais.es\/index.php\/nos-solutions-modulables\/nos-specificites-et-outils\/#breadcrumb"},"inLanguage":"fr-FR","potentialAction":[{"@type":"ReadAction","target":["https:\/\/lecasierfrancais.es\/index.php\/nos-solutions-modulables\/nos-specificites-et-outils\/"]}]},{"@type":"BreadcrumbList","@id":"https:\/\/lecasierfrancais.es\/index.php\/nos-solutions-modulables\/nos-specificites-et-outils\/#breadcrumb","itemListElement":[{"@type":"ListItem","position":1,"name":"Accueil","item":"https:\/\/lecasierfrancais.es\/"},{"@type":"ListItem","position":2,"name":"Produits &#038; services","item":"https:\/\/lecasierfrancais.es\/index.php\/nos-solutions-modulables\/"},{"@type":"ListItem","position":3,"name":"Nos outils"}]},{"@type":"WebSite","@id":"https:\/\/lecasierfrancais.es\/#website","url":"https:\/\/lecasierfrancais.es\/","name":"Le Casier Fran\u00e7ais","description":"","potentialAction":[{"@type":"SearchAction","target":{"@type":"EntryPoint","urlTemplate":"https:\/\/lecasierfrancais.es\/?s={search_term_string}"},"query-input":{"@type":"PropertyValueSpecification","valueRequired":true,"valueName":"search_term_string"}}],"inLanguage":"fr-FR"}]}},"_links":{"self":[{"href":"https:\/\/lecasierfrancais.es\/index.php\/wp-json\/wp\/v2\/pages\/11818","targetHints":{"allow":["GET"]}}],"collection":[{"href":"https:\/\/lecasierfrancais.es\/index.php\/wp-json\/wp\/v2\/pages"}],"about":[{"href":"https:\/\/lecasierfrancais.es\/index.php\/wp-json\/wp\/v2\/types\/page"}],"author":[{"embeddable":true,"href":"https:\/\/lecasierfrancais.es\/index.php\/wp-json\/wp\/v2\/users\/3"}],"replies":[{"embeddable":true,"href":"https:\/\/lecasierfrancais.es\/index.php\/wp-json\/wp\/v2\/comments?post=11818"}],"version-history":[{"count":23,"href":"https:\/\/lecasierfrancais.es\/index.php\/wp-json\/wp\/v2\/pages\/11818\/revisions"}],"predecessor-version":[{"id":12145,"href":"https:\/\/lecasierfrancais.es\/index.php\/wp-json\/wp\/v2\/pages\/11818\/revisions\/12145"}],"up":[{"embeddable":true,"href":"https:\/\/lecasierfrancais.es\/index.php\/wp-json\/wp\/v2\/pages\/10960"}],"wp:attachment":[{"href":"https:\/\/lecasierfrancais.es\/index.php\/wp-json\/wp\/v2\/media?parent=11818"}],"curies":[{"name":"wp","href":"https:\/\/api.w.org\/{rel}","templated":true}]}}