{"id":8255,"date":"2020-09-17T13:52:04","date_gmt":"2020-09-17T11:52:04","guid":{"rendered":"https:\/\/lecasierfrancais.fr\/?page_id=8255"},"modified":"2024-09-18T10:47:52","modified_gmt":"2024-09-18T08:47:52","slug":"actualites","status":"publish","type":"page","link":"https:\/\/lecasierfrancais.es\/index.php\/actualites\/","title":{"rendered":"Actualit\u00e9s"},"content":{"rendered":"[vc_row type=\u00a0\u00bbin_container\u00a0\u00bb full_screen_row_position=\u00a0\u00bbmiddle\u00a0\u00bb scene_position=\u00a0\u00bbcenter\u00a0\u00bb text_color=\u00a0\u00bbdark\u00a0\u00bb text_align=\u00a0\u00bbleft\u00a0\u00bb overlay_strength=\u00a0\u00bb0.3&Prime; shape_divider_position=\u00a0\u00bbbottom\u00a0\u00bb][vc_column column_padding=\u00a0\u00bbno-extra-padding\u00a0\u00bb column_padding_position=\u00a0\u00bball\u00a0\u00bb background_color_opacity=\u00a0\u00bb1&Prime; background_hover_color_opacity=\u00a0\u00bb1&Prime; column_shadow=\u00a0\u00bbnone\u00a0\u00bb column_border_radius=\u00a0\u00bbnone\u00a0\u00bb width=\u00a0\u00bb1\/1&Prime; tablet_text_alignment=\u00a0\u00bbdefault\u00a0\u00bb phone_text_alignment=\u00a0\u00bbdefault\u00a0\u00bb column_border_width=\u00a0\u00bbnone\u00a0\u00bb column_border_style=\u00a0\u00bbsolid\u00a0\u00bb][page_submenu alignment=\u00a0\u00bbcenter\u00a0\u00bb sticky=\u00a0\u00bbtrue\u00a0\u00bb bg_color=\u00a0\u00bb\u00a0\u00bb link_color=\u00a0\u00bb#64ba86&Prime;][page_link link_url=\u00a0\u00bb\/index.php\/category\/portraits-de-producteurs\/\u00a0\u00bb title=\u00a0\u00bbPortraits de producteurs\u00a0\u00bb id=\u00a0\u00bb1726648071-1-45&Prime; tab_id=\u00a0\u00bb1726648082943-1&Prime;] [\/page_link][page_link link_url=\u00a0\u00bb\/index.php\/category\/ouvertures\/\u00a0\u00bb title=\u00a0\u00bbOuvertures\u00a0\u00bb id=\u00a0\u00bb1726648071-2-79&Prime; tab_id=\u00a0\u00bb1726648082956-5&Prime;] [\/page_link][page_link title=\u00a0\u00bbNos casiers\u00a0\u00bb id=\u00a0\u00bb1726648216943-0-1&Prime; tab_id=\u00a0\u00bb1726648216945-0&Prime; link_url=\u00a0\u00bb\/index.php\/category\/nos-casiers\/\u00a0\u00bb][\/page_link][page_link title=\u00a0\u00bbNos services\u00a0\u00bb id=\u00a0\u00bb1726648242320-0-4&Prime; tab_id=\u00a0\u00bb1726648242321-2&Prime; link_url=\u00a0\u00bb\/index.php\/category\/nos-services\/\u00a0\u00bb][\/page_link][page_link title=\u00a0\u00bbSalons\u00a0\u00bb id=\u00a0\u00bb1726648299768-0-5&Prime; tab_id=\u00a0\u00bb1726648299768-5&Prime; link_url=\u00a0\u00bb\/index.php\/category\/salon\/\u00a0\u00bb][\/page_link][page_link title=\u00a0\u00bbNews\u00a0\u00bb id=\u00a0\u00bb1726648325096-0-6&Prime; tab_id=\u00a0\u00bb1726648325097-2&Prime; link_url=\u00a0\u00bb\/index.php\/category\/news\/\u00a0\u00bb][\/page_link][page_link title=\u00a0\u00bbPresse\u00a0\u00bb id=\u00a0\u00bb1726648405261-0-0&Prime; tab_id=\u00a0\u00bb1726648405262-3&Prime; link_url=\u00a0\u00bbhttps:\/\/lecasierfrancais.es\/index.php\/category\/presse\/\u00a0\u00bb][\/page_link][\/page_submenu][\/vc_column][\/vc_row][vc_row type=\u00a0\u00bbin_container\u00a0\u00bb full_screen_row_position=\u00a0\u00bbmiddle\u00a0\u00bb scene_position=\u00a0\u00bbcenter\u00a0\u00bb text_color=\u00a0\u00bbdark\u00a0\u00bb text_align=\u00a0\u00bbleft\u00a0\u00bb overlay_strength=\u00a0\u00bb0.3&Prime; shape_divider_position=\u00a0\u00bbbottom\u00a0\u00bb][vc_column column_padding=\u00a0\u00bbno-extra-padding\u00a0\u00bb column_padding_position=\u00a0\u00bball\u00a0\u00bb background_color_opacity=\u00a0\u00bb1&Prime; background_hover_color_opacity=\u00a0\u00bb1&Prime; column_shadow=\u00a0\u00bbnone\u00a0\u00bb column_border_radius=\u00a0\u00bbnone\u00a0\u00bb width=\u00a0\u00bb1\/1&Prime; tablet_text_alignment=\u00a0\u00bbdefault\u00a0\u00bb phone_text_alignment=\u00a0\u00bbdefault\u00a0\u00bb column_border_width=\u00a0\u00bbnone\u00a0\u00bb column_border_style=\u00a0\u00bbsolid\u00a0\u00bb]\t\n\t<div class=\"row\">\n\t\n\t <div class=\"post-area col  span_12 col_last masonry material  infinite_scroll \" data-ams=\"\"> <div class=\"posts-container\" data-load-animation=\"perspective\">\t\t\t\t\n\t\t\t\t\n<article id=\"post-16837\" class=\"regular post-16837 post type-post status-publish format-standard has-post-thumbnail category-portraits-de-producteurs tag-agriculture tag-casier-connecte tag-casier-produits-frais tag-casiers-automatiques tag-le-casier-francais tag-madeinfrance tag-portrait-producteur tag-producteur-local tag-service-libre tag-vente-directe\">\n\n\t<div class=\"inner-wrap animated\">\n\n\t\t<div class=\"post-content\">\n\t\t\t\n\t\t\t\t\t\t\t\n\t\t\t\t\t\t\t\t\n\t\t\t\t\t\t\t\t\n\t\t\t\t\t\t\n\t\t\t\n\n\t\t\t\n\t\t\t\t<div class=\"content-inner\">\n\t\t\t\t\t\n\t\t\t\t\t <a class=\"entire-meta-link\" href=\"https:\/\/lecasierfrancais.es\/index.php\/2025\/09\/29\/la-reaumerie-45-decouvrez-comment-les-casiers-de-produits-locaux-ont-sauve-lexploitation-damandine\/\"><\/a><a href=\"https:\/\/lecasierfrancais.es\/index.php\/2025\/09\/29\/la-reaumerie-45-decouvrez-comment-les-casiers-de-produits-locaux-ont-sauve-lexploitation-damandine\/\"><span class=\"post-featured-img\"><img decoding=\"async\" width=\"439\" height=\"429\" src=\"https:\/\/lecasierfrancais.es\/wp-content\/uploads\/2025\/09\/Capture-decran-2025-09-23-093554.jpg\" class=\"attachment-large size-large wp-post-image\" alt=\"Distributeur automatique de produits locaux\" title=\"\" srcset=\"https:\/\/lecasierfrancais.es\/wp-content\/uploads\/2025\/09\/Capture-decran-2025-09-23-093554.jpg 439w, https:\/\/lecasierfrancais.es\/wp-content\/uploads\/2025\/09\/Capture-decran-2025-09-23-093554-300x293.jpg 300w, https:\/\/lecasierfrancais.es\/wp-content\/uploads\/2025\/09\/Capture-decran-2025-09-23-093554-200x195.jpg 200w\" sizes=\"(max-width: 439px) 100vw, 439px\" \/><\/span><\/a>\t\t\t\t\t\n\t\t\t\t\t\t\t\t\t\t\t\n\t\t\t\t\t\t\n\t\t\t\t\t\t\t\n\t\t\t\t\t\t<span class=\"meta-category\"><a class=\"portraits-de-producteurs\" href=\"https:\/\/lecasierfrancais.es\/index.php\/category\/portraits-de-producteurs\/\">Portraits de producteurs<\/a><\/span>\n\t\t\t\t\t\t<div class=\"article-content-wrap\">\n\t\t\t\t\t\t\t\n\t\t\t\t\t\t\t\t\t\t\t\t\t\t\t\t\t\t\n\t\t\t\t\t\t\t<div class=\"post-header\">\n\t\t\t\t\t\t\t\t\t\n\t\t\t\t\t\t\t\t<h3 class=\"title\">\n\t\t\t\t\t\t\t\t\t \n\t\t\t\t\t\t\t\t\t\t<a href=\"https:\/\/lecasierfrancais.es\/index.php\/2025\/09\/29\/la-reaumerie-45-decouvrez-comment-les-casiers-de-produits-locaux-ont-sauve-lexploitation-damandine\/\">\t\t\t\t\t\t\t\t\t\t\t[La R\u00e9aumerie (45)] D\u00e9couvrez comment les casiers de produits locaux ont sauv\u00e9 l\u2019exploitation d\u2019Amandine \ud83d\udc14\t\t\t\t\t\t\t\t\t\t <\/a> \n\t\t\t\t\t\t\t\t\t\t\t\t\t\t\t\t\t<\/h3>\n\n\t\t\t\t\t\t\t\t\t\t\t\t\t\t\t<\/div><!--\/post-header-->\n\t\t\t\t\t\t<div class=\"excerpt\">D\u00e9but 2022, Amandine mise sur une id\u00e9e encore peu r\u00e9pandue dans la r\u00e9gion du Loiret\u2026<\/div><div class=\"grav-wrap\"><a href=\"https:\/\/lecasierfrancais.es\/index.php\/author\/le-casier-francais\/\"><img alt='Le Casier Francais' src='https:\/\/secure.gravatar.com\/avatar\/f29776dfd97a4c78aee2ab31cb63a0f4097b8cc071a068daac2d914eb26fbbd4?s=70&#038;d=mm&#038;r=g' srcset='https:\/\/secure.gravatar.com\/avatar\/f29776dfd97a4c78aee2ab31cb63a0f4097b8cc071a068daac2d914eb26fbbd4?s=140&#038;d=mm&#038;r=g 2x' class='avatar avatar-70 photo' height='70' width='70' \/><\/a><div class=\"text\"><a href=\"https:\/\/lecasierfrancais.es\/index.php\/author\/le-casier-francais\/\" rel=\"author\">Le Casier Francais<\/a><span>29 septembre 2025<\/span><\/div><\/div>\t\t\t\t\t\t\t\n\t\t\t\t\t\t<\/div><!--article-content-wrap-->\n\n\t\t\t\t\t\t\t\t\t\t\n\t\t\t\t   \n\t\t\t\t\t\t\t\t\t\t\n\t\t\t\t\t\t\t\t\t\t\t\n\t\t\t\t<\/div><!--\/content-inner-->\n\n\t\t\t\t\t\t\n\t\t<\/div><!--\/post-content-->\n\n\t<\/div><!--\/inner-wrap-->\n\t\t\n<\/article><!--\/article-->\n\t\t\t\t\t\t\t\n\t\t\t\t\n<article id=\"post-16820\" class=\"regular post-16820 post type-post status-publish format-standard has-post-thumbnail category-nos-services tag-casier-connecte tag-distributeur-automatique tag-gerer-son-casier tag-le-casier-francais tag-le-kiosque tag-outil-de-gestion\">\n\n\t<div class=\"inner-wrap animated\">\n\n\t\t<div class=\"post-content\">\n\t\t\t\n\t\t\t\t\t\t\t\n\t\t\t\t\t\t\t\t\n\t\t\t\t\t\t\t\t\n\t\t\t\t\t\t\n\t\t\t\n\n\t\t\t\n\t\t\t\t<div class=\"content-inner\">\n\t\t\t\t\t\n\t\t\t\t\t <a class=\"entire-meta-link\" href=\"https:\/\/lecasierfrancais.es\/index.php\/2025\/09\/18\/decouvrez-la-nouvelle-version-du-kiosque-loutil-de-gestion-connectee-de-vos-casiers-connectes\/\"><\/a><a href=\"https:\/\/lecasierfrancais.es\/index.php\/2025\/09\/18\/decouvrez-la-nouvelle-version-du-kiosque-loutil-de-gestion-connectee-de-vos-casiers-connectes\/\"><span class=\"post-featured-img\"><img decoding=\"async\" width=\"533\" height=\"675\" src=\"https:\/\/lecasierfrancais.es\/wp-content\/uploads\/2025\/09\/Capture-decran-2025-09-16-120050.jpg\" class=\"attachment-large size-large wp-post-image\" alt=\"Le Kiosque, vous outil de pilotage des casiers connect\u00e9s \u00e0 distance\" title=\"\" srcset=\"https:\/\/lecasierfrancais.es\/wp-content\/uploads\/2025\/09\/Capture-decran-2025-09-16-120050.jpg 533w, https:\/\/lecasierfrancais.es\/wp-content\/uploads\/2025\/09\/Capture-decran-2025-09-16-120050-237x300.jpg 237w, https:\/\/lecasierfrancais.es\/wp-content\/uploads\/2025\/09\/Capture-decran-2025-09-16-120050-200x253.jpg 200w\" sizes=\"(max-width: 533px) 100vw, 533px\" \/><\/span><\/a>\t\t\t\t\t\n\t\t\t\t\t\t\t\t\t\t\t\n\t\t\t\t\t\t\n\t\t\t\t\t\t\t\n\t\t\t\t\t\t<span class=\"meta-category\"><a class=\"nos-services\" href=\"https:\/\/lecasierfrancais.es\/index.php\/category\/nos-services\/\">Nos services<\/a><\/span>\n\t\t\t\t\t\t<div class=\"article-content-wrap\">\n\t\t\t\t\t\t\t\n\t\t\t\t\t\t\t\t\t\t\t\t\t\t\t\t\t\t\n\t\t\t\t\t\t\t<div class=\"post-header\">\n\t\t\t\t\t\t\t\t\t\n\t\t\t\t\t\t\t\t<h3 class=\"title\">\n\t\t\t\t\t\t\t\t\t \n\t\t\t\t\t\t\t\t\t\t<a href=\"https:\/\/lecasierfrancais.es\/index.php\/2025\/09\/18\/decouvrez-la-nouvelle-version-du-kiosque-loutil-de-gestion-connectee-de-vos-casiers-connectes\/\">\t\t\t\t\t\t\t\t\t\t\tD\u00e9couvrez la nouvelle version du Kiosque, l\u2019outil de gestion de vos casiers connect\u00e9s \ud83c\udd95\t\t\t\t\t\t\t\t\t\t <\/a> \n\t\t\t\t\t\t\t\t\t\t\t\t\t\t\t\t\t<\/h3>\n\n\t\t\t\t\t\t\t\t\t\t\t\t\t\t\t<\/div><!--\/post-header-->\n\t\t\t\t\t\t<div class=\"excerpt\">Chez le Casier Fran\u00e7ais, notre mission est de simplifier le quotidien des producteurs, commer\u00e7ants et\u2026<\/div><div class=\"grav-wrap\"><a href=\"https:\/\/lecasierfrancais.es\/index.php\/author\/le-casier-francais\/\"><img alt='Le Casier Francais' src='https:\/\/secure.gravatar.com\/avatar\/f29776dfd97a4c78aee2ab31cb63a0f4097b8cc071a068daac2d914eb26fbbd4?s=70&#038;d=mm&#038;r=g' srcset='https:\/\/secure.gravatar.com\/avatar\/f29776dfd97a4c78aee2ab31cb63a0f4097b8cc071a068daac2d914eb26fbbd4?s=140&#038;d=mm&#038;r=g 2x' class='avatar avatar-70 photo' height='70' width='70' \/><\/a><div class=\"text\"><a href=\"https:\/\/lecasierfrancais.es\/index.php\/author\/le-casier-francais\/\" rel=\"author\">Le Casier Francais<\/a><span>18 septembre 2025<\/span><\/div><\/div>\t\t\t\t\t\t\t\n\t\t\t\t\t\t<\/div><!--article-content-wrap-->\n\n\t\t\t\t\t\t\t\t\t\t\n\t\t\t\t   \n\t\t\t\t\t\t\t\t\t\t\n\t\t\t\t\t\t\t\t\t\t\t\n\t\t\t\t<\/div><!--\/content-inner-->\n\n\t\t\t\t\t\t\n\t\t<\/div><!--\/post-content-->\n\n\t<\/div><!--\/inner-wrap-->\n\t\t\n<\/article><!--\/article-->\n\t\t\t\t\t\t\t\n\t\t\t\t\n<article id=\"post-16410\" class=\"regular post-16410 post type-post status-publish format-standard has-post-thumbnail category-nos-casiers tag-casier-congele tag-casier-frais tag-casier-froid tag-casier-viande tag-glaces tag-glaces-artisanales tag-innovation tag-le-casier-francais tag-legumes-surgeles tag-libre-service tag-nouveaute tag-viande-surgelee\">\n\n\t<div class=\"inner-wrap animated\">\n\n\t\t<div class=\"post-content\">\n\t\t\t\n\t\t\t\t\t\t\t\n\t\t\t\t\t\t\t\t\n\t\t\t\t\t\t\t\t\n\t\t\t\t\t\t\n\t\t\t\n\n\t\t\t\n\t\t\t\t<div class=\"content-inner\">\n\t\t\t\t\t\n\t\t\t\t\t <a class=\"entire-meta-link\" href=\"https:\/\/lecasierfrancais.es\/index.php\/2025\/09\/02\/nouveaute-decouvrez-le-casier-congele-par-le-casier-francais\/\"><\/a><a href=\"https:\/\/lecasierfrancais.es\/index.php\/2025\/09\/02\/nouveaute-decouvrez-le-casier-congele-par-le-casier-francais\/\"><span class=\"post-featured-img\"><img decoding=\"async\" width=\"500\" height=\"500\" src=\"https:\/\/lecasierfrancais.es\/wp-content\/uploads\/2025\/08\/04eab87a-6cf9-4f62-95b9-11f1b5a016d9-e1756461245936.jpg\" class=\"attachment-large size-large wp-post-image\" alt=\"Casier congel\u00e9 pouvant par exemple vendre des glaces\" title=\"\" \/><\/span><\/a>\t\t\t\t\t\n\t\t\t\t\t\t\t\t\t\t\t\n\t\t\t\t\t\t\n\t\t\t\t\t\t\t\n\t\t\t\t\t\t<span class=\"meta-category\"><a class=\"nos-casiers\" href=\"https:\/\/lecasierfrancais.es\/index.php\/category\/nos-casiers\/\">Nos casiers<\/a><\/span>\n\t\t\t\t\t\t<div class=\"article-content-wrap\">\n\t\t\t\t\t\t\t\n\t\t\t\t\t\t\t\t\t\t\t\t\t\t\t\t\t\t\n\t\t\t\t\t\t\t<div class=\"post-header\">\n\t\t\t\t\t\t\t\t\t\n\t\t\t\t\t\t\t\t<h3 class=\"title\">\n\t\t\t\t\t\t\t\t\t \n\t\t\t\t\t\t\t\t\t\t<a href=\"https:\/\/lecasierfrancais.es\/index.php\/2025\/09\/02\/nouveaute-decouvrez-le-casier-congele-par-le-casier-francais\/\">\t\t\t\t\t\t\t\t\t\t\tNOUVEAUT\u00c9 : D\u00e9couvrez le casier congel\u00e9 par Le Casier Fran\u00e7ais \ud83c\udd95\t\t\t\t\t\t\t\t\t\t <\/a> \n\t\t\t\t\t\t\t\t\t\t\t\t\t\t\t\t\t<\/h3>\n\n\t\t\t\t\t\t\t\t\t\t\t\t\t\t\t<\/div><!--\/post-header-->\n\t\t\t\t\t\t<div class=\"excerpt\">\u00c0 l\u2019heure o\u00f9 les consommateurs exigent davantage de produits locaux, accessibles \u00e0 toute heure, et\u2026<\/div><div class=\"grav-wrap\"><a href=\"https:\/\/lecasierfrancais.es\/index.php\/author\/le-casier-francais\/\"><img alt='Le Casier Francais' src='https:\/\/secure.gravatar.com\/avatar\/f29776dfd97a4c78aee2ab31cb63a0f4097b8cc071a068daac2d914eb26fbbd4?s=70&#038;d=mm&#038;r=g' srcset='https:\/\/secure.gravatar.com\/avatar\/f29776dfd97a4c78aee2ab31cb63a0f4097b8cc071a068daac2d914eb26fbbd4?s=140&#038;d=mm&#038;r=g 2x' class='avatar avatar-70 photo' height='70' width='70' \/><\/a><div class=\"text\"><a href=\"https:\/\/lecasierfrancais.es\/index.php\/author\/le-casier-francais\/\" rel=\"author\">Le Casier Francais<\/a><span>2 septembre 2025<\/span><\/div><\/div>\t\t\t\t\t\t\t\n\t\t\t\t\t\t<\/div><!--article-content-wrap-->\n\n\t\t\t\t\t\t\t\t\t\t\n\t\t\t\t   \n\t\t\t\t\t\t\t\t\t\t\n\t\t\t\t\t\t\t\t\t\t\t\n\t\t\t\t<\/div><!--\/content-inner-->\n\n\t\t\t\t\t\t\n\t\t<\/div><!--\/post-content-->\n\n\t<\/div><!--\/inner-wrap-->\n\t\t\n<\/article><!--\/article-->\n\t\t\t\t\t\t\t\n\t\t\t\t\n<article id=\"post-15462\" class=\"regular post-15462 post type-post status-publish format-standard has-post-thumbnail category-portraits-de-producteurs tag-casier-connecte tag-circuit-court tag-distributeur-automatique tag-doubs tag-franche-comte tag-le-casier-francais tag-les-casiers-de-rignosot tag-libre-service tag-produits-locaux\">\n\n\t<div class=\"inner-wrap animated\">\n\n\t\t<div class=\"post-content\">\n\t\t\t\n\t\t\t\t\t\t\t\n\t\t\t\t\t\t\t\t\n\t\t\t\t\t\t\t\t\n\t\t\t\t\t\t\n\t\t\t\n\n\t\t\t\n\t\t\t\t<div class=\"content-inner\">\n\t\t\t\t\t\n\t\t\t\t\t <a class=\"entire-meta-link\" href=\"https:\/\/lecasierfrancais.es\/index.php\/2025\/06\/23\/casiers-de-rignosot-des-distributeurs-de-produits-locaux\/\"><\/a><a href=\"https:\/\/lecasierfrancais.es\/index.php\/2025\/06\/23\/casiers-de-rignosot-des-distributeurs-de-produits-locaux\/\"><span class=\"post-featured-img\"><img decoding=\"async\" width=\"1024\" height=\"768\" src=\"https:\/\/lecasierfrancais.es\/wp-content\/uploads\/2025\/06\/IMG-20250606-WA0020-1024x768.jpg\" class=\"attachment-large size-large wp-post-image\" alt=\"Christelle des Casiers de Rignosot devant ses distributeurs automatiques qui vendent des produits locaux\" title=\"\" srcset=\"https:\/\/lecasierfrancais.es\/wp-content\/uploads\/2025\/06\/IMG-20250606-WA0020-1024x768.jpg 1024w, https:\/\/lecasierfrancais.es\/wp-content\/uploads\/2025\/06\/IMG-20250606-WA0020-300x225.jpg 300w, https:\/\/lecasierfrancais.es\/wp-content\/uploads\/2025\/06\/IMG-20250606-WA0020-768x576.jpg 768w, https:\/\/lecasierfrancais.es\/wp-content\/uploads\/2025\/06\/IMG-20250606-WA0020-1536x1152.jpg 1536w, https:\/\/lecasierfrancais.es\/wp-content\/uploads\/2025\/06\/IMG-20250606-WA0020-200x150.jpg 200w, https:\/\/lecasierfrancais.es\/wp-content\/uploads\/2025\/06\/IMG-20250606-WA0020-e1750165915326.jpg 1000w\" sizes=\"(max-width: 1024px) 100vw, 1024px\" \/><\/span><\/a>\t\t\t\t\t\n\t\t\t\t\t\t\t\t\t\t\t\n\t\t\t\t\t\t\n\t\t\t\t\t\t\t\n\t\t\t\t\t\t<span class=\"meta-category\"><a class=\"portraits-de-producteurs\" href=\"https:\/\/lecasierfrancais.es\/index.php\/category\/portraits-de-producteurs\/\">Portraits de producteurs<\/a><\/span>\n\t\t\t\t\t\t<div class=\"article-content-wrap\">\n\t\t\t\t\t\t\t\n\t\t\t\t\t\t\t\t\t\t\t\t\t\t\t\t\t\t\n\t\t\t\t\t\t\t<div class=\"post-header\">\n\t\t\t\t\t\t\t\t\t\n\t\t\t\t\t\t\t\t<h3 class=\"title\">\n\t\t\t\t\t\t\t\t\t \n\t\t\t\t\t\t\t\t\t\t<a href=\"https:\/\/lecasierfrancais.es\/index.php\/2025\/06\/23\/casiers-de-rignosot-des-distributeurs-de-produits-locaux\/\">\t\t\t\t\t\t\t\t\t\t\t[Casiers de Rignosot] Des distributeurs de produits locaux pour redynamiser les communes voisines \ud83e\uddfa\t\t\t\t\t\t\t\t\t\t <\/a> \n\t\t\t\t\t\t\t\t\t\t\t\t\t\t\t\t\t<\/h3>\n\n\t\t\t\t\t\t\t\t\t\t\t\t\t\t\t<\/div><!--\/post-header-->\n\t\t\t\t\t\t<div class=\"excerpt\">En Franche-Comt\u00e9, c\u2019est une installation de casiers pas comme les autres qui a vu le\u2026<\/div><div class=\"grav-wrap\"><a href=\"https:\/\/lecasierfrancais.es\/index.php\/author\/le-casier-francais\/\"><img alt='Le Casier Francais' src='https:\/\/secure.gravatar.com\/avatar\/f29776dfd97a4c78aee2ab31cb63a0f4097b8cc071a068daac2d914eb26fbbd4?s=70&#038;d=mm&#038;r=g' srcset='https:\/\/secure.gravatar.com\/avatar\/f29776dfd97a4c78aee2ab31cb63a0f4097b8cc071a068daac2d914eb26fbbd4?s=140&#038;d=mm&#038;r=g 2x' class='avatar avatar-70 photo' height='70' width='70' \/><\/a><div class=\"text\"><a href=\"https:\/\/lecasierfrancais.es\/index.php\/author\/le-casier-francais\/\" rel=\"author\">Le Casier Francais<\/a><span>23 juin 2025<\/span><\/div><\/div>\t\t\t\t\t\t\t\n\t\t\t\t\t\t<\/div><!--article-content-wrap-->\n\n\t\t\t\t\t\t\t\t\t\t\n\t\t\t\t   \n\t\t\t\t\t\t\t\t\t\t\n\t\t\t\t\t\t\t\t\t\t\t\n\t\t\t\t<\/div><!--\/content-inner-->\n\n\t\t\t\t\t\t\n\t\t<\/div><!--\/post-content-->\n\n\t<\/div><!--\/inner-wrap-->\n\t\t\n<\/article><!--\/article-->\n\t\t\t\t\t\t\t\n\t\t\t\t\n<article id=\"post-13220\" class=\"regular post-13220 post type-post status-publish format-standard has-post-thumbnail category-portraits-de-producteurs tag-casiers-connectes tag-casiersfermiers tag-casiersproduitsfrais tag-circuitcourt tag-distributeur-automatique tag-le-casier-francais tag-lecasierfrancais tag-libre-service tag-produits-fermiers tag-produits-locaux\">\n\n\t<div class=\"inner-wrap animated\">\n\n\t\t<div class=\"post-content\">\n\t\t\t\n\t\t\t\t\t\t\t\n\t\t\t\t\t\t\t\t\n\t\t\t\t\t\t\t\t\n\t\t\t\t\t\t\n\t\t\t\n\n\t\t\t\n\t\t\t\t<div class=\"content-inner\">\n\t\t\t\t\t\n\t\t\t\t\t <a class=\"entire-meta-link\" href=\"https:\/\/lecasierfrancais.es\/index.php\/2025\/02\/11\/terferme-une-reussite-locale-grace-aux-casiers-fermier\/\"><\/a><a href=\"https:\/\/lecasierfrancais.es\/index.php\/2025\/02\/11\/terferme-une-reussite-locale-grace-aux-casiers-fermier\/\"><span class=\"post-featured-img\"><img decoding=\"async\" width=\"708\" height=\"1024\" src=\"https:\/\/lecasierfrancais.es\/wp-content\/uploads\/2025\/02\/TERFERME-708x1024.jpg\" class=\"attachment-large size-large wp-post-image\" alt=\"Casiers fermiers Terferme Terdeghem\" title=\"\" srcset=\"https:\/\/lecasierfrancais.es\/wp-content\/uploads\/2025\/02\/TERFERME-708x1024.jpg 708w, https:\/\/lecasierfrancais.es\/wp-content\/uploads\/2025\/02\/TERFERME-208x300.jpg 208w, https:\/\/lecasierfrancais.es\/wp-content\/uploads\/2025\/02\/TERFERME-768x1110.jpg 768w, https:\/\/lecasierfrancais.es\/wp-content\/uploads\/2025\/02\/TERFERME-1063x1536.jpg 1063w, https:\/\/lecasierfrancais.es\/wp-content\/uploads\/2025\/02\/TERFERME-200x289.jpg 200w, https:\/\/lecasierfrancais.es\/wp-content\/uploads\/2025\/02\/TERFERME.jpg 1080w\" sizes=\"(max-width: 708px) 100vw, 708px\" \/><\/span><\/a>\t\t\t\t\t\n\t\t\t\t\t\t\t\t\t\t\t\n\t\t\t\t\t\t\n\t\t\t\t\t\t\t\n\t\t\t\t\t\t<span class=\"meta-category\"><a class=\"portraits-de-producteurs\" href=\"https:\/\/lecasierfrancais.es\/index.php\/category\/portraits-de-producteurs\/\">Portraits de producteurs<\/a><\/span>\n\t\t\t\t\t\t<div class=\"article-content-wrap\">\n\t\t\t\t\t\t\t\n\t\t\t\t\t\t\t\t\t\t\t\t\t\t\t\t\t\t\n\t\t\t\t\t\t\t<div class=\"post-header\">\n\t\t\t\t\t\t\t\t\t\n\t\t\t\t\t\t\t\t<h3 class=\"title\">\n\t\t\t\t\t\t\t\t\t \n\t\t\t\t\t\t\t\t\t\t<a href=\"https:\/\/lecasierfrancais.es\/index.php\/2025\/02\/11\/terferme-une-reussite-locale-grace-aux-casiers-fermier\/\">\t\t\t\t\t\t\t\t\t\t\t[Terferme (59)] Une r\u00e9ussite locale gr\u00e2ce aux casiers fermiers \ud83d\udc2e\t\t\t\t\t\t\t\t\t\t <\/a> \n\t\t\t\t\t\t\t\t\t\t\t\t\t\t\t\t\t<\/h3>\n\n\t\t\t\t\t\t\t\t\t\t\t\t\t\t\t<\/div><!--\/post-header-->\n\t\t\t\t\t\t<div class=\"excerpt\">\u00c0 Terdeghem, un petit village des Hauts-de-France, Catherine Bacquaert et son mari ont transform\u00e9 leur\u2026<\/div><div class=\"grav-wrap\"><a href=\"https:\/\/lecasierfrancais.es\/index.php\/author\/le-casier-francais\/\"><img alt='Le Casier Francais' src='https:\/\/secure.gravatar.com\/avatar\/f29776dfd97a4c78aee2ab31cb63a0f4097b8cc071a068daac2d914eb26fbbd4?s=70&#038;d=mm&#038;r=g' srcset='https:\/\/secure.gravatar.com\/avatar\/f29776dfd97a4c78aee2ab31cb63a0f4097b8cc071a068daac2d914eb26fbbd4?s=140&#038;d=mm&#038;r=g 2x' class='avatar avatar-70 photo' height='70' width='70' \/><\/a><div class=\"text\"><a href=\"https:\/\/lecasierfrancais.es\/index.php\/author\/le-casier-francais\/\" rel=\"author\">Le Casier Francais<\/a><span>11 f\u00e9vrier 2025<\/span><\/div><\/div>\t\t\t\t\t\t\t\n\t\t\t\t\t\t<\/div><!--article-content-wrap-->\n\n\t\t\t\t\t\t\t\t\t\t\n\t\t\t\t   \n\t\t\t\t\t\t\t\t\t\t\n\t\t\t\t\t\t\t\t\t\t\t\n\t\t\t\t<\/div><!--\/content-inner-->\n\n\t\t\t\t\t\t\n\t\t<\/div><!--\/post-content-->\n\n\t<\/div><!--\/inner-wrap-->\n\t\t\n<\/article><!--\/article-->\n\t\t\t\t\t\t\t\n\t\t\t\t\n<article id=\"post-12602\" class=\"regular post-12602 post type-post status-publish format-standard has-post-thumbnail category-portraits-de-producteurs tag-boucherie tag-casier-traiteur tag-casier-viande tag-casierconnecte tag-charcuterie tag-circuitcourt tag-distributeur-automatique tag-lecasierfrancais tag-libreservice tag-traiteur\">\n\n\t<div class=\"inner-wrap animated\">\n\n\t\t<div class=\"post-content\">\n\t\t\t\n\t\t\t\t\t\t\t\n\t\t\t\t\t\t\t\t\n\t\t\t\t\t\t\t\t\n\t\t\t\t\t\t\n\t\t\t\n\n\t\t\t\n\t\t\t\t<div class=\"content-inner\">\n\t\t\t\t\t\n\t\t\t\t\t <a class=\"entire-meta-link\" href=\"https:\/\/lecasierfrancais.es\/index.php\/2025\/01\/27\/samuel-daviet-conquis-par-sa-premiere-installation-il-double-la-mise-avec-un-second-casier-a-viande\/\"><\/a><a href=\"https:\/\/lecasierfrancais.es\/index.php\/2025\/01\/27\/samuel-daviet-conquis-par-sa-premiere-installation-il-double-la-mise-avec-un-second-casier-a-viande\/\"><span class=\"post-featured-img\"><img decoding=\"async\" width=\"789\" height=\"1024\" src=\"https:\/\/lecasierfrancais.es\/wp-content\/uploads\/2025\/01\/samuel-daviet--789x1024.webp\" class=\"attachment-large size-large wp-post-image\" alt=\"Samuel devant ses casiers \u00e0 viande\" title=\"\" srcset=\"https:\/\/lecasierfrancais.es\/wp-content\/uploads\/2025\/01\/samuel-daviet--789x1024.webp 789w, https:\/\/lecasierfrancais.es\/wp-content\/uploads\/2025\/01\/samuel-daviet--231x300.webp 231w, https:\/\/lecasierfrancais.es\/wp-content\/uploads\/2025\/01\/samuel-daviet--768x997.webp 768w, https:\/\/lecasierfrancais.es\/wp-content\/uploads\/2025\/01\/samuel-daviet--200x260.webp 200w, https:\/\/lecasierfrancais.es\/wp-content\/uploads\/2025\/01\/samuel-daviet-.webp 986w\" sizes=\"(max-width: 789px) 100vw, 789px\" \/><\/span><\/a>\t\t\t\t\t\n\t\t\t\t\t\t\t\t\t\t\t\n\t\t\t\t\t\t\n\t\t\t\t\t\t\t\n\t\t\t\t\t\t<span class=\"meta-category\"><a class=\"portraits-de-producteurs\" href=\"https:\/\/lecasierfrancais.es\/index.php\/category\/portraits-de-producteurs\/\">Portraits de producteurs<\/a><\/span>\n\t\t\t\t\t\t<div class=\"article-content-wrap\">\n\t\t\t\t\t\t\t\n\t\t\t\t\t\t\t\t\t\t\t\t\t\t\t\t\t\t\n\t\t\t\t\t\t\t<div class=\"post-header\">\n\t\t\t\t\t\t\t\t\t\n\t\t\t\t\t\t\t\t<h3 class=\"title\">\n\t\t\t\t\t\t\t\t\t \n\t\t\t\t\t\t\t\t\t\t<a href=\"https:\/\/lecasierfrancais.es\/index.php\/2025\/01\/27\/samuel-daviet-conquis-par-sa-premiere-installation-il-double-la-mise-avec-un-second-casier-a-viande\/\">\t\t\t\t\t\t\t\t\t\t\tDAVIET BOUCHERIE (85) : conquis par sa premi\u00e8re installation, Samuel double la mise avec un second casier automatique boucherie ! \ud83e\udd69\t\t\t\t\t\t\t\t\t\t <\/a> \n\t\t\t\t\t\t\t\t\t\t\t\t\t\t\t\t\t<\/h3>\n\n\t\t\t\t\t\t\t\t\t\t\t\t\t\t\t<\/div><!--\/post-header-->\n\t\t\t\t\t\t<div class=\"excerpt\">Dans les communes de Bournezeau et Saint Jean de Beugne en Vend\u00e9e, Samuel Daviet r\u00e9volutionne\u2026<\/div><div class=\"grav-wrap\"><a href=\"https:\/\/lecasierfrancais.es\/index.php\/author\/le-casier-francais\/\"><img alt='Le Casier Francais' src='https:\/\/secure.gravatar.com\/avatar\/f29776dfd97a4c78aee2ab31cb63a0f4097b8cc071a068daac2d914eb26fbbd4?s=70&#038;d=mm&#038;r=g' srcset='https:\/\/secure.gravatar.com\/avatar\/f29776dfd97a4c78aee2ab31cb63a0f4097b8cc071a068daac2d914eb26fbbd4?s=140&#038;d=mm&#038;r=g 2x' class='avatar avatar-70 photo' height='70' width='70' \/><\/a><div class=\"text\"><a href=\"https:\/\/lecasierfrancais.es\/index.php\/author\/le-casier-francais\/\" rel=\"author\">Le Casier Francais<\/a><span>27 janvier 2025<\/span><\/div><\/div>\t\t\t\t\t\t\t\n\t\t\t\t\t\t<\/div><!--article-content-wrap-->\n\n\t\t\t\t\t\t\t\t\t\t\n\t\t\t\t   \n\t\t\t\t\t\t\t\t\t\t\n\t\t\t\t\t\t\t\t\t\t\t\n\t\t\t\t<\/div><!--\/content-inner-->\n\n\t\t\t\t\t\t\n\t\t<\/div><!--\/post-content-->\n\n\t<\/div><!--\/inner-wrap-->\n\t\t\n<\/article><!--\/article-->\n\t\t\t\t\t\t\t\n\t\t\t\t\n<article id=\"post-12481\" class=\"regular post-12481 post type-post status-publish format-standard has-post-thumbnail category-portraits-de-producteurs tag-avisclient tag-casierconnecte tag-casierviande tag-distributeur-automatiques tag-lecasierfrancais tag-libreservice tag-retourdexperience\">\n\n\t<div class=\"inner-wrap animated\">\n\n\t\t<div class=\"post-content\">\n\t\t\t\n\t\t\t\t\t\t\t\n\t\t\t\t\t\t\t\t\n\t\t\t\t\t\t\t\t\n\t\t\t\t\t\t\n\t\t\t\n\n\t\t\t\n\t\t\t\t<div class=\"content-inner\">\n\t\t\t\t\t\n\t\t\t\t\t <a class=\"entire-meta-link\" href=\"https:\/\/lecasierfrancais.es\/index.php\/2025\/01\/13\/la-boucherie-du-bocage-des-casiers-boucherie-pour-rapprocher-les-saveurs-du-centre-ville\/\"><\/a><a href=\"https:\/\/lecasierfrancais.es\/index.php\/2025\/01\/13\/la-boucherie-du-bocage-des-casiers-boucherie-pour-rapprocher-les-saveurs-du-centre-ville\/\"><span class=\"post-featured-img\"><img decoding=\"async\" width=\"960\" height=\"640\" src=\"https:\/\/lecasierfrancais.es\/wp-content\/uploads\/2025\/01\/604e01a03f746c44e01a03f74d84e0v-960x640-1.jpg\" class=\"attachment-large size-large wp-post-image\" alt=\"Casiers boucherie automatis\u00e9s \u00e0 Foug\u00e8res\" title=\"\" srcset=\"https:\/\/lecasierfrancais.es\/wp-content\/uploads\/2025\/01\/604e01a03f746c44e01a03f74d84e0v-960x640-1.jpg 960w, https:\/\/lecasierfrancais.es\/wp-content\/uploads\/2025\/01\/604e01a03f746c44e01a03f74d84e0v-960x640-1-300x200.jpg 300w, https:\/\/lecasierfrancais.es\/wp-content\/uploads\/2025\/01\/604e01a03f746c44e01a03f74d84e0v-960x640-1-768x512.jpg 768w, https:\/\/lecasierfrancais.es\/wp-content\/uploads\/2025\/01\/604e01a03f746c44e01a03f74d84e0v-960x640-1-900x600.jpg 900w, https:\/\/lecasierfrancais.es\/wp-content\/uploads\/2025\/01\/604e01a03f746c44e01a03f74d84e0v-960x640-1-200x133.jpg 200w\" sizes=\"(max-width: 960px) 100vw, 960px\" \/><\/span><\/a>\t\t\t\t\t\n\t\t\t\t\t\t\t\t\t\t\t\n\t\t\t\t\t\t\n\t\t\t\t\t\t\t\n\t\t\t\t\t\t<span class=\"meta-category\"><a class=\"portraits-de-producteurs\" href=\"https:\/\/lecasierfrancais.es\/index.php\/category\/portraits-de-producteurs\/\">Portraits de producteurs<\/a><\/span>\n\t\t\t\t\t\t<div class=\"article-content-wrap\">\n\t\t\t\t\t\t\t\n\t\t\t\t\t\t\t\t\t\t\t\t\t\t\t\t\t\t\n\t\t\t\t\t\t\t<div class=\"post-header\">\n\t\t\t\t\t\t\t\t\t\n\t\t\t\t\t\t\t\t<h3 class=\"title\">\n\t\t\t\t\t\t\t\t\t \n\t\t\t\t\t\t\t\t\t\t<a href=\"https:\/\/lecasierfrancais.es\/index.php\/2025\/01\/13\/la-boucherie-du-bocage-des-casiers-boucherie-pour-rapprocher-les-saveurs-du-centre-ville\/\">\t\t\t\t\t\t\t\t\t\t\tLes Boucheries du Bocage : des casiers boucherie pour rapprocher les saveurs du centre-ville (35) \ud83e\udd69\t\t\t\t\t\t\t\t\t\t <\/a> \n\t\t\t\t\t\t\t\t\t\t\t\t\t\t\t\t\t<\/h3>\n\n\t\t\t\t\t\t\t\t\t\t\t\t\t\t\t<\/div><!--\/post-header-->\n\t\t\t\t\t\t<div class=\"excerpt\">Bienvenue \u00e0 Foug\u00e8res, \u00e0 la rencontre de Fr\u00e9d\u00e9ric et Sonia, artisans passionn\u00e9s \u00e0 la t\u00eate\u2026<\/div><div class=\"grav-wrap\"><a href=\"https:\/\/lecasierfrancais.es\/index.php\/author\/le-casier-francais\/\"><img alt='Le Casier Francais' src='https:\/\/secure.gravatar.com\/avatar\/f29776dfd97a4c78aee2ab31cb63a0f4097b8cc071a068daac2d914eb26fbbd4?s=70&#038;d=mm&#038;r=g' srcset='https:\/\/secure.gravatar.com\/avatar\/f29776dfd97a4c78aee2ab31cb63a0f4097b8cc071a068daac2d914eb26fbbd4?s=140&#038;d=mm&#038;r=g 2x' class='avatar avatar-70 photo' height='70' width='70' \/><\/a><div class=\"text\"><a href=\"https:\/\/lecasierfrancais.es\/index.php\/author\/le-casier-francais\/\" rel=\"author\">Le Casier Francais<\/a><span>13 janvier 2025<\/span><\/div><\/div>\t\t\t\t\t\t\t\n\t\t\t\t\t\t<\/div><!--article-content-wrap-->\n\n\t\t\t\t\t\t\t\t\t\t\n\t\t\t\t   \n\t\t\t\t\t\t\t\t\t\t\n\t\t\t\t\t\t\t\t\t\t\t\n\t\t\t\t<\/div><!--\/content-inner-->\n\n\t\t\t\t\t\t\n\t\t<\/div><!--\/post-content-->\n\n\t<\/div><!--\/inner-wrap-->\n\t\t\n<\/article><!--\/article-->\n\t\t\t\t\t\t\t\n\t\t\t\t\n<article id=\"post-12259\" class=\"regular post-12259 post type-post status-publish format-standard has-post-thumbnail category-portraits-de-producteurs tag-boucherie tag-casier-automatique tag-casier-viande tag-charcuterie tag-circuit-court tag-distributeur-alimentaire tag-distributeur-automatique tag-le-casier-francais tag-libre-service tag-traiteur\">\n\n\t<div class=\"inner-wrap animated\">\n\n\t\t<div class=\"post-content\">\n\t\t\t\n\t\t\t\t\t\t\t\n\t\t\t\t\t\t\t\t\n\t\t\t\t\t\t\t\t\n\t\t\t\t\t\t\n\t\t\t\n\n\t\t\t\n\t\t\t\t<div class=\"content-inner\">\n\t\t\t\t\t\n\t\t\t\t\t <a class=\"entire-meta-link\" href=\"https:\/\/lecasierfrancais.es\/index.php\/2024\/12\/30\/le-casier-boucherie-de-la-ferme-saint-po-wissant\/\"><\/a><a href=\"https:\/\/lecasierfrancais.es\/index.php\/2024\/12\/30\/le-casier-boucherie-de-la-ferme-saint-po-wissant\/\"><span class=\"post-featured-img\"><img decoding=\"async\" width=\"1024\" height=\"473\" src=\"https:\/\/lecasierfrancais.es\/wp-content\/uploads\/2024\/12\/20241217_111313-1024x473.jpg\" class=\"attachment-large size-large wp-post-image\" alt=\"Casier boucherie automatique pour la distribution de produits locaux.\" title=\"\" srcset=\"https:\/\/lecasierfrancais.es\/wp-content\/uploads\/2024\/12\/20241217_111313-1024x473.jpg 1024w, https:\/\/lecasierfrancais.es\/wp-content\/uploads\/2024\/12\/20241217_111313-300x139.jpg 300w, https:\/\/lecasierfrancais.es\/wp-content\/uploads\/2024\/12\/20241217_111313-768x355.jpg 768w, https:\/\/lecasierfrancais.es\/wp-content\/uploads\/2024\/12\/20241217_111313-1536x710.jpg 1536w, https:\/\/lecasierfrancais.es\/wp-content\/uploads\/2024\/12\/20241217_111313-200x92.jpg 200w, https:\/\/lecasierfrancais.es\/wp-content\/uploads\/2024\/12\/20241217_111313.jpg 2000w\" sizes=\"(max-width: 1024px) 100vw, 1024px\" \/><\/span><\/a>\t\t\t\t\t\n\t\t\t\t\t\t\t\t\t\t\t\n\t\t\t\t\t\t\n\t\t\t\t\t\t\t\n\t\t\t\t\t\t<span class=\"meta-category\"><a class=\"portraits-de-producteurs\" href=\"https:\/\/lecasierfrancais.es\/index.php\/category\/portraits-de-producteurs\/\">Portraits de producteurs<\/a><\/span>\n\t\t\t\t\t\t<div class=\"article-content-wrap\">\n\t\t\t\t\t\t\t\n\t\t\t\t\t\t\t\t\t\t\t\t\t\t\t\t\t\t\n\t\t\t\t\t\t\t<div class=\"post-header\">\n\t\t\t\t\t\t\t\t\t\n\t\t\t\t\t\t\t\t<h3 class=\"title\">\n\t\t\t\t\t\t\t\t\t \n\t\t\t\t\t\t\t\t\t\t<a href=\"https:\/\/lecasierfrancais.es\/index.php\/2024\/12\/30\/le-casier-boucherie-de-la-ferme-saint-po-wissant\/\">\t\t\t\t\t\t\t\t\t\t\t[Ferme St P\u00f4] : l&rsquo;agriculteur qui r\u00e9invente la tradition \u00e0 Wissant avec son casier boucherie (62) ! \ud83d\ude9c\t\t\t\t\t\t\t\t\t\t <\/a> \n\t\t\t\t\t\t\t\t\t\t\t\t\t\t\t\t\t<\/h3>\n\n\t\t\t\t\t\t\t\t\t\t\t\t\t\t\t<\/div><!--\/post-header-->\n\t\t\t\t\t\t<div class=\"excerpt\">\u00c0 Wissant, petit village touristique entre Boulogne-sur-Mer et Calais, Laurent Fourdinier \u00e9crit une nouvelle page\u2026<\/div><div class=\"grav-wrap\"><a href=\"https:\/\/lecasierfrancais.es\/index.php\/author\/le-casier-francais\/\"><img alt='Le Casier Francais' src='https:\/\/secure.gravatar.com\/avatar\/f29776dfd97a4c78aee2ab31cb63a0f4097b8cc071a068daac2d914eb26fbbd4?s=70&#038;d=mm&#038;r=g' srcset='https:\/\/secure.gravatar.com\/avatar\/f29776dfd97a4c78aee2ab31cb63a0f4097b8cc071a068daac2d914eb26fbbd4?s=140&#038;d=mm&#038;r=g 2x' class='avatar avatar-70 photo' height='70' width='70' \/><\/a><div class=\"text\"><a href=\"https:\/\/lecasierfrancais.es\/index.php\/author\/le-casier-francais\/\" rel=\"author\">Le Casier Francais<\/a><span>30 d\u00e9cembre 2024<\/span><\/div><\/div>\t\t\t\t\t\t\t\n\t\t\t\t\t\t<\/div><!--article-content-wrap-->\n\n\t\t\t\t\t\t\t\t\t\t\n\t\t\t\t   \n\t\t\t\t\t\t\t\t\t\t\n\t\t\t\t\t\t\t\t\t\t\t\n\t\t\t\t<\/div><!--\/content-inner-->\n\n\t\t\t\t\t\t\n\t\t<\/div><!--\/post-content-->\n\n\t<\/div><!--\/inner-wrap-->\n\t\t\n<\/article><!--\/article-->\n\t\t\t\t\t\t\t\n\t\t\t\t\n<article id=\"post-12240\" class=\"regular post-12240 post type-post status-publish format-standard has-post-thumbnail category-nos-casiers tag-casier-connecte tag-chiffre-daffaires tag-circuit-court tag-commercant tag-elargir-clientele tag-le-casier-francais tag-libre-service\">\n\n\t<div class=\"inner-wrap animated\">\n\n\t\t<div class=\"post-content\">\n\t\t\t\n\t\t\t\t\t\t\t\n\t\t\t\t\t\t\t\t\n\t\t\t\t\t\t\t\t\n\t\t\t\t\t\t\n\t\t\t\n\n\t\t\t\n\t\t\t\t<div class=\"content-inner\">\n\t\t\t\t\t\n\t\t\t\t\t <a class=\"entire-meta-link\" href=\"https:\/\/lecasierfrancais.es\/index.php\/2024\/11\/21\/le-casier-connecte-le-casier-francais-une-solution-ideale-pour-les-commercants\/\"><\/a><a href=\"https:\/\/lecasierfrancais.es\/index.php\/2024\/11\/21\/le-casier-connecte-le-casier-francais-une-solution-ideale-pour-les-commercants\/\"><span class=\"post-featured-img\"><img decoding=\"async\" width=\"682\" height=\"1024\" src=\"https:\/\/lecasierfrancais.es\/wp-content\/uploads\/2024\/09\/Gros-Jules2-682x1024.jpg\" class=\"attachment-large size-large wp-post-image\" alt=\"Casier connect\u00e9\" title=\"\" srcset=\"https:\/\/lecasierfrancais.es\/wp-content\/uploads\/2024\/09\/Gros-Jules2-682x1024.jpg 682w, https:\/\/lecasierfrancais.es\/wp-content\/uploads\/2024\/09\/Gros-Jules2-200x300.jpg 200w, https:\/\/lecasierfrancais.es\/wp-content\/uploads\/2024\/09\/Gros-Jules2-768x1152.jpg 768w, https:\/\/lecasierfrancais.es\/wp-content\/uploads\/2024\/09\/Gros-Jules2-1024x1536.jpg 1024w, https:\/\/lecasierfrancais.es\/wp-content\/uploads\/2024\/09\/Gros-Jules2-e1732010456399.jpg 600w\" sizes=\"(max-width: 682px) 100vw, 682px\" \/><\/span><\/a>\t\t\t\t\t\n\t\t\t\t\t\t\t\t\t\t\t\n\t\t\t\t\t\t\n\t\t\t\t\t\t\t\n\t\t\t\t\t\t<span class=\"meta-category\"><a class=\"nos-casiers\" href=\"https:\/\/lecasierfrancais.es\/index.php\/category\/nos-casiers\/\">Nos casiers<\/a><\/span>\n\t\t\t\t\t\t<div class=\"article-content-wrap\">\n\t\t\t\t\t\t\t\n\t\t\t\t\t\t\t\t\t\t\t\t\t\t\t\t\t\t\n\t\t\t\t\t\t\t<div class=\"post-header\">\n\t\t\t\t\t\t\t\t\t\n\t\t\t\t\t\t\t\t<h3 class=\"title\">\n\t\t\t\t\t\t\t\t\t \n\t\t\t\t\t\t\t\t\t\t<a href=\"https:\/\/lecasierfrancais.es\/index.php\/2024\/11\/21\/le-casier-connecte-le-casier-francais-une-solution-ideale-pour-les-commercants\/\">\t\t\t\t\t\t\t\t\t\t\tLe casier connect\u00e9 Le Casier Fran\u00e7ais, une solution id\u00e9ale pour les commer\u00e7ants \ud83d\udecd\ufe0f\t\t\t\t\t\t\t\t\t\t <\/a> \n\t\t\t\t\t\t\t\t\t\t\t\t\t\t\t\t\t<\/h3>\n\n\t\t\t\t\t\t\t\t\t\t\t\t\t\t\t<\/div><!--\/post-header-->\n\t\t\t\t\t\t<div class=\"excerpt\">Que vous soyez boulanger, traiteur, restaurateur, pisciniste (oui, oui on en a), quincailler ou tout\u2026<\/div><div class=\"grav-wrap\"><a href=\"https:\/\/lecasierfrancais.es\/index.php\/author\/le-casier-francais\/\"><img alt='Le Casier Francais' src='https:\/\/secure.gravatar.com\/avatar\/f29776dfd97a4c78aee2ab31cb63a0f4097b8cc071a068daac2d914eb26fbbd4?s=70&#038;d=mm&#038;r=g' srcset='https:\/\/secure.gravatar.com\/avatar\/f29776dfd97a4c78aee2ab31cb63a0f4097b8cc071a068daac2d914eb26fbbd4?s=140&#038;d=mm&#038;r=g 2x' class='avatar avatar-70 photo' height='70' width='70' \/><\/a><div class=\"text\"><a href=\"https:\/\/lecasierfrancais.es\/index.php\/author\/le-casier-francais\/\" rel=\"author\">Le Casier Francais<\/a><span>21 novembre 2024<\/span><\/div><\/div>\t\t\t\t\t\t\t\n\t\t\t\t\t\t<\/div><!--article-content-wrap-->\n\n\t\t\t\t\t\t\t\t\t\t\n\t\t\t\t   \n\t\t\t\t\t\t\t\t\t\t\n\t\t\t\t\t\t\t\t\t\t\t\n\t\t\t\t<\/div><!--\/content-inner-->\n\n\t\t\t\t\t\t\n\t\t<\/div><!--\/post-content-->\n\n\t<\/div><!--\/inner-wrap-->\n\t\t\n<\/article><!--\/article-->\n\t\t\t\t\t\t\t\n\t\t\t\t\n<article id=\"post-12231\" class=\"regular post-12231 post type-post status-publish format-standard has-post-thumbnail category-portraits-de-producteurs tag-avis-client tag-casier-connecte tag-casier-refrigere tag-circuit-court tag-distributeur-automatique tag-le-casier-francais tag-libre-service tag-portrait tag-retour-dexperience tag-vente-dhuitres tag-vente-directe\">\n\n\t<div class=\"inner-wrap animated\">\n\n\t\t<div class=\"post-content\">\n\t\t\t\n\t\t\t\t\t\t\t\n\t\t\t\t\t\t\t\t\n\t\t\t\t\t\t\t\t\n\t\t\t\t\t\t\n\t\t\t\n\n\t\t\t\n\t\t\t\t<div class=\"content-inner\">\n\t\t\t\t\t\n\t\t\t\t\t <a class=\"entire-meta-link\" href=\"https:\/\/lecasierfrancais.es\/index.php\/2024\/11\/12\/location-de-distributeur-automatique-pour-des-huitres-a-portee-de-main\/\"><\/a><a href=\"https:\/\/lecasierfrancais.es\/index.php\/2024\/11\/12\/location-de-distributeur-automatique-pour-des-huitres-a-portee-de-main\/\"><span class=\"post-featured-img\"><img decoding=\"async\" width=\"768\" height=\"1024\" src=\"https:\/\/lecasierfrancais.es\/wp-content\/uploads\/2024\/11\/IMG_5547-768x1024.jpeg\" class=\"attachment-large size-large wp-post-image\" alt=\"Distributeur automatique en location Le Casier Fran\u00e7ais pour Les hu\u00eetres Yves Papin\" title=\"\" srcset=\"https:\/\/lecasierfrancais.es\/wp-content\/uploads\/2024\/11\/IMG_5547-768x1024.jpeg 768w, https:\/\/lecasierfrancais.es\/wp-content\/uploads\/2024\/11\/IMG_5547-225x300.jpeg 225w, https:\/\/lecasierfrancais.es\/wp-content\/uploads\/2024\/11\/IMG_5547-1152x1536.jpeg 1152w, https:\/\/lecasierfrancais.es\/wp-content\/uploads\/2024\/11\/IMG_5547-200x267.jpeg 200w, https:\/\/lecasierfrancais.es\/wp-content\/uploads\/2024\/11\/IMG_5547-e1731408255874.jpeg 500w\" sizes=\"(max-width: 768px) 100vw, 768px\" \/><\/span><\/a>\t\t\t\t\t\n\t\t\t\t\t\t\t\t\t\t\t\n\t\t\t\t\t\t\n\t\t\t\t\t\t\t\n\t\t\t\t\t\t<span class=\"meta-category\"><a class=\"portraits-de-producteurs\" href=\"https:\/\/lecasierfrancais.es\/index.php\/category\/portraits-de-producteurs\/\">Portraits de producteurs<\/a><\/span>\n\t\t\t\t\t\t<div class=\"article-content-wrap\">\n\t\t\t\t\t\t\t\n\t\t\t\t\t\t\t\t\t\t\t\t\t\t\t\t\t\t\n\t\t\t\t\t\t\t<div class=\"post-header\">\n\t\t\t\t\t\t\t\t\t\n\t\t\t\t\t\t\t\t<h3 class=\"title\">\n\t\t\t\t\t\t\t\t\t \n\t\t\t\t\t\t\t\t\t\t<a href=\"https:\/\/lecasierfrancais.es\/index.php\/2024\/11\/12\/location-de-distributeur-automatique-pour-des-huitres-a-portee-de-main\/\">\t\t\t\t\t\t\t\t\t\t\tLocation de distributeur automatique pour la vente d&rsquo;hu\u00eetres (17) \ud83e\uddaa\t\t\t\t\t\t\t\t\t\t <\/a> \n\t\t\t\t\t\t\t\t\t\t\t\t\t\t\t\t\t<\/h3>\n\n\t\t\t\t\t\t\t\t\t\t\t\t\t\t\t<\/div><!--\/post-header-->\n\t\t\t\t\t\t<div class=\"excerpt\">Les hu\u00eetres Papin \u00e0 La Tremblade, c\u2019est une histoire de famille depuis 1906. Chaque descendant\u2026<\/div><div class=\"grav-wrap\"><a href=\"https:\/\/lecasierfrancais.es\/index.php\/author\/le-casier-francais\/\"><img alt='Le Casier Francais' src='https:\/\/secure.gravatar.com\/avatar\/f29776dfd97a4c78aee2ab31cb63a0f4097b8cc071a068daac2d914eb26fbbd4?s=70&#038;d=mm&#038;r=g' srcset='https:\/\/secure.gravatar.com\/avatar\/f29776dfd97a4c78aee2ab31cb63a0f4097b8cc071a068daac2d914eb26fbbd4?s=140&#038;d=mm&#038;r=g 2x' class='avatar avatar-70 photo' height='70' width='70' \/><\/a><div class=\"text\"><a href=\"https:\/\/lecasierfrancais.es\/index.php\/author\/le-casier-francais\/\" rel=\"author\">Le Casier Francais<\/a><span>12 novembre 2024<\/span><\/div><\/div>\t\t\t\t\t\t\t\n\t\t\t\t\t\t<\/div><!--article-content-wrap-->\n\n\t\t\t\t\t\t\t\t\t\t\n\t\t\t\t   \n\t\t\t\t\t\t\t\t\t\t\n\t\t\t\t\t\t\t\t\t\t\t\n\t\t\t\t<\/div><!--\/content-inner-->\n\n\t\t\t\t\t\t\n\t\t<\/div><!--\/post-content-->\n\n\t<\/div><!--\/inner-wrap-->\n\t\t\n<\/article><!--\/article-->\n\t\t\t\t\t\t\n\t\t\t<\/div><!--\/posts container-->\n\t\t\t\n\t\t\t<div id=\"pagination\" data-is-text=\"All items loaded\"><span aria-current=\"page\" class=\"page-numbers current\">1<\/span>\n<a class=\"page-numbers\" href=\"https:\/\/lecasierfrancais.es\/index.php\/wp-json\/wp\/v2\/pages\/8255\/page\/2\/\">2<\/a>\n<a class=\"page-numbers\" href=\"https:\/\/lecasierfrancais.es\/index.php\/wp-json\/wp\/v2\/pages\/8255\/page\/3\/\">3<\/a>\n<span class=\"page-numbers dots\">\u2026<\/span>\n<a class=\"page-numbers\" href=\"https:\/\/lecasierfrancais.es\/index.php\/wp-json\/wp\/v2\/pages\/8255\/page\/14\/\">14<\/a>\n<a class=\"next page-numbers\" href=\"https:\/\/lecasierfrancais.es\/index.php\/wp-json\/wp\/v2\/pages\/8255\/page\/2\/\">Suivant\u00a0\u00bb<\/a><\/div>\t\t\n\t\t<\/div><!--\/span_9-->\n\t\t\n\t\t\n\t<\/div>\n\t\n\t[\/vc_column][\/vc_row]\n","protected":false},"excerpt":{"rendered":"<p>[vc_row type=\u00a0\u00bbin_container\u00a0\u00bb full_screen_row_position=\u00a0\u00bbmiddle\u00a0\u00bb scene_position=\u00a0\u00bbcenter\u00a0\u00bb text_color=\u00a0\u00bbdark\u00a0\u00bb text_align=\u00a0\u00bbleft\u00a0\u00bb overlay_strength=\u00a0\u00bb0.3&Prime; shape_divider_position=\u00a0\u00bbbottom\u00a0\u00bb][vc_column column_padding=\u00a0\u00bbno-extra-padding\u00a0\u00bb column_padding_position=\u00a0\u00bball\u00a0\u00bb background_color_opacity=\u00a0\u00bb1&Prime; background_hover_color_opacity=\u00a0\u00bb1&Prime; column_shadow=\u00a0\u00bbnone\u00a0\u00bb column_border_radius=\u00a0\u00bbnone\u00a0\u00bb width=\u00a0\u00bb1\/1&Prime;&#8230;<\/p>\n","protected":false},"author":3,"featured_media":0,"parent":0,"menu_order":0,"comment_status":"closed","ping_status":"closed","template":"","meta":{"footnotes":""},"class_list":["post-8255","page","type-page","status-publish"],"yoast_head":"<!-- This site is optimized with the Yoast SEO Premium plugin v26.1 (Yoast SEO v26.1.1) - https:\/\/yoast.com\/wordpress\/plugins\/seo\/ -->\n<title>Toute l&#039;actualit\u00e9 Le Casier Fran\u00e7ais !<\/title>\n<meta name=\"description\" content=\"Installations, retours d&#039;exp\u00e9rience, nouveaux services... Tenez-vous inform\u00e9s de l&#039;actualit\u00e9 Le Casier Fran\u00e7ais.\" \/>\n<meta name=\"robots\" content=\"index, follow, max-snippet:-1, max-image-preview:large, max-video-preview:-1\" \/>\n<link rel=\"canonical\" href=\"https:\/\/lecasierfrancais.es\/index.php\/actualites\/\" \/>\n<meta property=\"og:locale\" content=\"fr_FR\" \/>\n<meta property=\"og:type\" content=\"article\" \/>\n<meta property=\"og:title\" content=\"Actualit\u00e9s\" \/>\n<meta property=\"og:description\" content=\"Installations, retours d&#039;exp\u00e9rience, nouveaux services... Tenez-vous inform\u00e9s de l&#039;actualit\u00e9 Le Casier Fran\u00e7ais.\" \/>\n<meta property=\"og:url\" content=\"https:\/\/lecasierfrancais.es\/index.php\/actualites\/\" \/>\n<meta property=\"og:site_name\" content=\"Le Casier Fran\u00e7ais\" \/>\n<meta property=\"article:publisher\" content=\"https:\/\/www.facebook.com\/lecasierfrancais\/\" \/>\n<meta property=\"article:modified_time\" content=\"2024-09-18T08:47:52+00:00\" \/>\n<meta name=\"twitter:card\" content=\"summary_large_image\" \/>\n<meta name=\"twitter:label1\" content=\"Dur\u00e9e de lecture estim\u00e9e\" \/>\n\t<meta name=\"twitter:data1\" content=\"1 minute\" \/>\n<script type=\"application\/ld+json\" class=\"yoast-schema-graph\">{\"@context\":\"https:\/\/schema.org\",\"@graph\":[{\"@type\":\"WebPage\",\"@id\":\"https:\/\/lecasierfrancais.es\/index.php\/actualites\/\",\"url\":\"https:\/\/lecasierfrancais.es\/index.php\/actualites\/\",\"name\":\"Toute l'actualit\u00e9 Le Casier Fran\u00e7ais !\",\"isPartOf\":{\"@id\":\"https:\/\/lecasierfrancais.es\/#website\"},\"datePublished\":\"2020-09-17T11:52:04+00:00\",\"dateModified\":\"2024-09-18T08:47:52+00:00\",\"description\":\"Installations, retours d'exp\u00e9rience, nouveaux services... Tenez-vous inform\u00e9s de l'actualit\u00e9 Le Casier Fran\u00e7ais.\",\"breadcrumb\":{\"@id\":\"https:\/\/lecasierfrancais.es\/index.php\/actualites\/#breadcrumb\"},\"inLanguage\":\"fr-FR\",\"potentialAction\":[{\"@type\":\"ReadAction\",\"target\":[\"https:\/\/lecasierfrancais.es\/index.php\/actualites\/\"]}]},{\"@type\":\"BreadcrumbList\",\"@id\":\"https:\/\/lecasierfrancais.es\/index.php\/actualites\/#breadcrumb\",\"itemListElement\":[{\"@type\":\"ListItem\",\"position\":1,\"name\":\"Accueil\",\"item\":\"https:\/\/lecasierfrancais.es\/\"},{\"@type\":\"ListItem\",\"position\":2,\"name\":\"Actualit\u00e9s\"}]},{\"@type\":\"WebSite\",\"@id\":\"https:\/\/lecasierfrancais.es\/#website\",\"url\":\"https:\/\/lecasierfrancais.es\/\",\"name\":\"Le Casier Fran\u00e7ais\",\"description\":\"\",\"potentialAction\":[{\"@type\":\"SearchAction\",\"target\":{\"@type\":\"EntryPoint\",\"urlTemplate\":\"https:\/\/lecasierfrancais.es\/?s={search_term_string}\"},\"query-input\":{\"@type\":\"PropertyValueSpecification\",\"valueRequired\":true,\"valueName\":\"search_term_string\"}}],\"inLanguage\":\"fr-FR\"}]}<\/script>\n<!-- \/ Yoast SEO Premium plugin. -->","yoast_head_json":{"title":"Toute l'actualit\u00e9 Le Casier Fran\u00e7ais !","description":"Installations, retours d'exp\u00e9rience, nouveaux services... Tenez-vous inform\u00e9s de l'actualit\u00e9 Le Casier Fran\u00e7ais.","robots":{"index":"index","follow":"follow","max-snippet":"max-snippet:-1","max-image-preview":"max-image-preview:large","max-video-preview":"max-video-preview:-1"},"canonical":"https:\/\/lecasierfrancais.es\/index.php\/actualites\/","og_locale":"fr_FR","og_type":"article","og_title":"Actualit\u00e9s","og_description":"Installations, retours d'exp\u00e9rience, nouveaux services... Tenez-vous inform\u00e9s de l'actualit\u00e9 Le Casier Fran\u00e7ais.","og_url":"https:\/\/lecasierfrancais.es\/index.php\/actualites\/","og_site_name":"Le Casier Fran\u00e7ais","article_publisher":"https:\/\/www.facebook.com\/lecasierfrancais\/","article_modified_time":"2024-09-18T08:47:52+00:00","twitter_card":"summary_large_image","twitter_misc":{"Dur\u00e9e de lecture estim\u00e9e":"1 minute"},"schema":{"@context":"https:\/\/schema.org","@graph":[{"@type":"WebPage","@id":"https:\/\/lecasierfrancais.es\/index.php\/actualites\/","url":"https:\/\/lecasierfrancais.es\/index.php\/actualites\/","name":"Toute l'actualit\u00e9 Le Casier Fran\u00e7ais !","isPartOf":{"@id":"https:\/\/lecasierfrancais.es\/#website"},"datePublished":"2020-09-17T11:52:04+00:00","dateModified":"2024-09-18T08:47:52+00:00","description":"Installations, retours d'exp\u00e9rience, nouveaux services... Tenez-vous inform\u00e9s de l'actualit\u00e9 Le Casier Fran\u00e7ais.","breadcrumb":{"@id":"https:\/\/lecasierfrancais.es\/index.php\/actualites\/#breadcrumb"},"inLanguage":"fr-FR","potentialAction":[{"@type":"ReadAction","target":["https:\/\/lecasierfrancais.es\/index.php\/actualites\/"]}]},{"@type":"BreadcrumbList","@id":"https:\/\/lecasierfrancais.es\/index.php\/actualites\/#breadcrumb","itemListElement":[{"@type":"ListItem","position":1,"name":"Accueil","item":"https:\/\/lecasierfrancais.es\/"},{"@type":"ListItem","position":2,"name":"Actualit\u00e9s"}]},{"@type":"WebSite","@id":"https:\/\/lecasierfrancais.es\/#website","url":"https:\/\/lecasierfrancais.es\/","name":"Le Casier Fran\u00e7ais","description":"","potentialAction":[{"@type":"SearchAction","target":{"@type":"EntryPoint","urlTemplate":"https:\/\/lecasierfrancais.es\/?s={search_term_string}"},"query-input":{"@type":"PropertyValueSpecification","valueRequired":true,"valueName":"search_term_string"}}],"inLanguage":"fr-FR"}]}},"_links":{"self":[{"href":"https:\/\/lecasierfrancais.es\/index.php\/wp-json\/wp\/v2\/pages\/8255","targetHints":{"allow":["GET"]}}],"collection":[{"href":"https:\/\/lecasierfrancais.es\/index.php\/wp-json\/wp\/v2\/pages"}],"about":[{"href":"https:\/\/lecasierfrancais.es\/index.php\/wp-json\/wp\/v2\/types\/page"}],"author":[{"embeddable":true,"href":"https:\/\/lecasierfrancais.es\/index.php\/wp-json\/wp\/v2\/users\/3"}],"replies":[{"embeddable":true,"href":"https:\/\/lecasierfrancais.es\/index.php\/wp-json\/wp\/v2\/comments?post=8255"}],"version-history":[{"count":23,"href":"https:\/\/lecasierfrancais.es\/index.php\/wp-json\/wp\/v2\/pages\/8255\/revisions"}],"predecessor-version":[{"id":12161,"href":"https:\/\/lecasierfrancais.es\/index.php\/wp-json\/wp\/v2\/pages\/8255\/revisions\/12161"}],"wp:attachment":[{"href":"https:\/\/lecasierfrancais.es\/index.php\/wp-json\/wp\/v2\/media?parent=8255"}],"curies":[{"name":"wp","href":"https:\/\/api.w.org\/{rel}","templated":true}]}}